{"id":87379,"date":"2020-11-24T16:07:12","date_gmt":"2020-11-24T16:07:12","guid":{"rendered":"https:\/\/www.stellenanzeigen.de\/careeasy\/?page_id=87379"},"modified":"2024-10-01T09:52:51","modified_gmt":"2024-10-01T07:52:51","slug":"verpacker-in","status":"publish","type":"page","link":"https:\/\/www.stellenanzeigen.de\/careeasy\/bewerbung\/verpacker-in\/","title":{"rendered":"Bewerbungsvorlage Verpacker\/in"},"content":{"rendered":"\n<figure class=\"wp-block-image alignwide size-large\"><img decoding=\"async\" src=\"https:\/\/www.stellenanzeigen.de\/careeasy\/wp-content\/uploads\/2020\/11\/Bewerbung-Vorlage-Verpacker.jpg\" alt=\"Bewerbung Verpacker\" class=\"wp-image-19532\"\/><figcaption>Bewerbungsvorlage Verpacker\/in &#8211; Copyright: gorodenkoff<\/figcaption><\/figure>\n\n\n\n<p>Als <a href=\"https:\/\/www.stellenanzeigen.de\/jobs\/verpacker-in\/\">Verpacker\/in<\/a> bist du f\u00fcr die Vorbereitung und Verpackung der Ware zust\u00e4ndig. Du machst sie f\u00fcr die Lagerung, den Verkauf und\/oder den Versand fertig. Dabei arbeitest du eng mit der <a href=\"https:\/\/www.stellenanzeigen.de\/jobs\/produktion\/\">Produktion<\/a>, dem <a href=\"https:\/\/www.stellenanzeigen.de\/jobs\/lager\/\">Lager<\/a>, der <a href=\"https:\/\/www.stellenanzeigen.de\/jobs\/logistik\/\">Logistik<\/a> und der Qualit\u00e4tskontrolle zusammen.<\/p><div id=\"ez-toc-container\" class=\"ez-toc-v2_0_62 counter-hierarchy ez-toc-counter ez-toc-grey ez-toc-container-direction\">\n<div class=\"ez-toc-title-container\">\n<p class=\"ez-toc-title \" >Inhaltsverzeichnis<\/p>\n<span class=\"ez-toc-title-toggle\"><\/span><\/div>\n<nav><ul class='ez-toc-list ez-toc-list-level-1 ' ><li class='ez-toc-page-1 ez-toc-heading-level-2'><a class=\"ez-toc-link ez-toc-heading-1\" href=\"https:\/\/www.stellenanzeigen.de\/careeasy\/bewerbung\/verpacker-in\/#Bestandteil_der_Musterbewerbung_als_Verpackerin\" title=\"Bestandteil der Musterbewerbung als Verpacker\/in\">Bestandteil der Musterbewerbung als Verpacker\/in<\/a><\/li><li class='ez-toc-page-1 ez-toc-heading-level-2'><a class=\"ez-toc-link ez-toc-heading-2\" href=\"https:\/\/www.stellenanzeigen.de\/careeasy\/bewerbung\/verpacker-in\/#Vorbereitung_auf_das_Vorstellungsgespraech\" title=\"Vorbereitung auf das Vorstellungsgespr\u00e4ch\">Vorbereitung auf das Vorstellungsgespr\u00e4ch<\/a><\/li><\/ul><\/nav><\/div>\n\n\n\n\n<div class=\"wp-block-columns alignwide pdf-teaser is-layout-flex wp-container-5\">\n<div class=\"wp-block-column pdf-thumbnail is-layout-flow\" style=\"flex-basis:35%\">\n<div class=\"wp-block-image\"><figure class=\"aligncenter size-large\"><img decoding=\"async\" loading=\"lazy\" width=\"300\" height=\"424\" src=\"https:\/\/www.stellenanzeigen.de\/careeasy\/wp-content\/uploads\/2020\/11\/Verpacker-pdf-image.jpg\" alt=\"Bewerbung Muster Verpacker\" class=\"wp-image-87388\"\/><\/figure><\/div>\n\n\n\n<p><\/p>\n<\/div>\n\n\n\n<div class=\"wp-block-column teaser-box is-layout-flow\" style=\"flex-basis:65%\">\n<p>Der Beruf interessiert dich oder du hast bereits Erfahrung als Verpacker\/in und m\u00f6chtest mehr Herausforderungen in einem neuen Job? Dann fehlt dir nur noch ein aussagekr\u00e4ftiges Anschreiben! Lade dir unser Bewerbungsmuster runter und \u00fcberzeuge deinen zuk\u00fcnftigen Arbeitgeber als Verpacker\/in. Einfach, bequem, kostenlos \u2013 so geht erfolgreich bewerben heute!<\/p>\n\n\n\n<div class=\"wp-block-buttons is-layout-flex\">\n<div class=\"wp-block-button\"><a class=\"wp-block-button__link has-background no-border-radius\" href=\"https:\/\/www.stellenanzeigen.de\/careeasy\/bewerbung\/verpacker-in\/#pdf-download\" style=\"background-color:#2b85b9\">Vorlage Anfordern<\/a><\/div>\n<\/div>\n<\/div>\n<\/div>\n\n\n<p><!-- \/wp:columns --><\/p>\n<p>Die Hauptkompetenzen erstrecken sich auf die Kenntnis der Funktionsweise der Verpackungsmaschinen sowie die Bef\u00e4higung zu deren \u00dcberwachung. Au\u00dferdem musst du als Verpacker\/in die wichtigsten Wartungsarbeiten ausf\u00fchren k\u00f6nnen. Im Einzelnen sind das deine <strong>Aufgaben<\/strong>:<\/p>\n<ul>\n<li>Die Verpackungsmaschine mit den erforderlichen Materialien best\u00fccken (Beutel, Kartons, Verpackungsmittel, Beh\u00e4lter)<\/li>\n<li>Waren verpacken unter Einhaltung der Zeit-, Qualit\u00e4ts- und Mengenvorgaben<\/li>\n<li>den Verpackungsvorgang und die einzelnen Maschinen \u00fcberwachen<\/li>\n<li>Verpackungsmaschinen einrichten und bedienen<\/li>\n<li>Qualit\u00e4tskontrollen der verpackten St\u00fccke durchf\u00fchren<\/li>\n<li>die korrekte Maschinenfunktion sicherstellen<\/li>\n<li>Wartungs- und Reparaturbedarf f\u00fcr die Maschinen in der Abteilung anzeigen<\/li>\n<\/ul>\n<p>\u00dcber Handfertigkeit, Sorgfalt und die F\u00e4higkeit zur Teamarbeit solltest du verf\u00fcgen. Du kannst zum\/zur <a href=\"https:\/\/www.stellenanzeigen.de\/jobs\/abteilungsleiter-in\/\">Abteilungsleiter\/in<\/a> oder Leiter\/in der Verpackung aufsteigen und f\u00fcr das Anlagenmanagement und \u00dcberwachungsaufgaben zust\u00e4ndig sein. Au\u00dferdem ist eine Karriere in Versand\/Logistik und im <a href=\"https:\/\/www.stellenanzeigen.de\/jobs\/supply-chain-management\/\">Supply-Chain-Management<\/a> m\u00f6glich. Verpacker\/innen sind in vielen Produktionsbereichen gefragt. Dazu geh\u00f6ren:<\/p>\n<ul>\n<li>Lebensmittel<\/li>\n<li>Pharmazie<\/li>\n<li>Industrie<\/li>\n<li>Lederwaren und Textilien<\/li>\n<li>und viele mehr<\/li>\n<\/ul>\n<h2><span class=\"ez-toc-section\" id=\"Bestandteil_der_Musterbewerbung_als_Verpackerin\"><\/span><strong>Bestandteil der Musterbewerbung als Verpacker\/in<\/strong><span class=\"ez-toc-section-end\"><\/span><\/h2>\n<p>F\u00fcr Verpacker\/innen wird normalerweise keine abgeschlossene Berufsausbildung vorausgesetzt, zumindest nicht, wenn eine Helfert\u00e4tigkeit angestrebt wird. Es gibt aber auch Berufsabschl\u00fcsse, die vorwiegend im Fachbereich <a href=\"https:\/\/www.stellenanzeigen.de\/jobs\/transport\/\">Transport<\/a> und Logistik arbeiten. \u00c4hnliche Berufsbezeichnungen sind <a href=\"https:\/\/www.stellenanzeigen.de\/jobs\/produktionshelfer-in\/\">Produktionshelfer<\/a> in Verpackung, Verpackungshelfer, Lebensmittel-Verpackung, Papier-Verpackung, Verpackung, Verpackungsarbeiten oder Verpackungstechnik. Die notwendigen Kenntnisse werden oft direkt am Arbeitsplatz vermittelt. Die berufliche Eingliederung erfolgt mit Unterst\u00fctzung erfahrener Mitarbeiter. Nach Spezialisierungen ist eine Arbeit als <a href=\"https:\/\/www.stellenanzeigen.de\/jobs\/wartungstechniker-in\/\">Wartungstechniker\/in<\/a>, Wartungsleiter\/in oder Automatenbediener\/in m\u00f6glich. Zu den <strong>Anforderungen<\/strong> geh\u00f6ren:<\/p>\n<ul>\n<li>k\u00f6rperliche Fitness<\/li>\n<li>Sorgfalt, Verantwortungs- und Pflichtbewusstsein<\/li>\n<li>strukturiertes Arbeiten<\/li>\n<li>Spa\u00df am Arbeiten im Team<\/li>\n<\/ul>\n<p>Da heutzutage eine ordentliche Bewerbung an der Tagesordnung ist, ist eine strukturierte Bewerbungsmappe oft die Voraussetzung. Daher sollte die Bewerbung samt <a class=\"wpil_keyword_link\" href=\"https:\/\/www.stellenanzeigen.de\/careeasy\/lebenslauf-vorlagen-sde106864\/\"   title=\"Lebenslauf\" data-wpil-keyword-link=\"linked\">Lebenslauf<\/a> und Anschreiben entsprechend den Erfordernissen der Stellenausschreibung eingereicht werden:<\/p>\n<ul>\n<li>Schulzeugnisse<\/li>\n<li>Ausbildungszeugnisse<\/li>\n<li>Arbeitszeugnisse<\/li>\n<li>sonstige Referenzen oder <a class=\"wpil_keyword_link\" href=\"https:\/\/www.stellenanzeigen.de\/careeasy\/empfehlungsschreiben-die-nuetzliche-referenz-fuer-den-neuen-arbeitgeber-sde13807\/\" target=\"_blank\" rel=\"noopener\" title=\"Empfehlungsschreiben\" data-wpil-keyword-link=\"linked\">Empfehlungsschreiben<\/a><\/li>\n<li>Staplerschein (falls erforderlich)<\/li>\n<li>Nachweise \u00fcber Fortbildungen (falls erforderlich)<\/li>\n<li>Kopie des F\u00fchrerscheins (falls erforderlich)<\/li>\n<li>Arbeitsprobe (falls erforderlich) enthalten.<\/li>\n<\/ul>\n<p>Der <a href=\"https:\/\/www.stellenanzeigen.de\/careeasy\/lebenslauf\/\">Lebenslauf<\/a> ist tabellarisch zu verfassen: Die wichtigsten Daten der Schulausbildung, des Bildungsabschlusses, Kenntnisse und F\u00e4higkeiten, F\u00fchrerschein, Staplerschein, bisheriger Werdegang und auch Interessen und Hobbys sollten enthalten sein. Nicht notwendig sind Staatsangeh\u00f6rigkeit, Familienstand, Konfession, Auszeichnungen usw. Als Bewerber\/in solltest du auf deine F\u00e4higkeiten, dein bisheriges T\u00e4tigkeitsfeld und deine gesundheitliche Verfassung als Voraussetzung f\u00fcr diese T\u00e4tigkeit genauer eingehen.\u00a0<a href=\"https:\/\/www.stellenanzeigen.de\/careeasy\/lebenslauf\/\">Musterformulare f\u00fcr den perfekten Lebenslauf<\/a> kannst du ebenfalls hier bei stellenanzeigen.de herunterladen.<\/p>\n<h2><span class=\"ez-toc-section\" id=\"Vorbereitung_auf_das_Vorstellungsgespraech\"><\/span><strong>Vorbereitung auf das Vorstellungsgespr\u00e4ch<\/strong><span class=\"ez-toc-section-end\"><\/span><\/h2>\n<p>Als Bewerber\/in solltest du die Voraussetzungen des Stellenangebotes und deine pers\u00f6nlichen Voraussetzungen genau abw\u00e4gen und alle \u00dcbereinstimmungen positiv herausstellen. Der <strong>Ablauf f\u00fcr ein Vorstellungsgespr\u00e4ch<\/strong> erfolgt in der Regel immer nach einem vorgegebenen Schema, wie folgt:<\/p>\n<ul>\n<li><strong>Small Talk<\/strong>: Begr\u00fc\u00dfung, Vorstellung, allgemeine Fragen<\/li>\n<li><strong>Kennenlernen<\/strong>: Vorstellung durch den Arbeitgeber, Unternehmen vorstellen, Beschreibung der Stelle<\/li>\n<li><strong>Selbstpr\u00e4sentation<\/strong>: Bisheriger beruflicher Werdegang, wesentliche Meilensteine und Erfolge, St\u00e4rken in Bezug auf die Stelle<\/li>\n<li><strong>Fragen durch den Arbeitgeber:<\/strong> Arbeitgeber stellt dem Bewerber oder der Bewerberin Fragen<\/li>\n<li><strong>R\u00fcckfragen des Bewerbers<\/strong> oder der Bewerberin: Fragen zu Inhalten und Aufgaben, Erwartungen, Aufstieg und Entwicklung<\/li>\n<li><strong>Abschluss<\/strong>: Dank f\u00fcr das Gespr\u00e4ch, weitere Fristen, Verabschiedung<\/li>\n<\/ul>\n<p>Das hei\u00dft f\u00fcr dich als Bewerber\/in:<\/p>\n<ul>\n<li>eine <a class=\"wpil_keyword_link\" href=\"https:\/\/www.stellenanzeigen.de\/careeasy\/selbstpraesentation-so-stellst-du-dich-richtig-vor-sde89717\/\" target=\"_blank\" rel=\"noopener\" title=\"Selbstpr\u00e4sentation\" data-wpil-keyword-link=\"linked\">Selbstpr\u00e4sentation<\/a> gut vorbereiten,<\/li>\n<li>Informationen \u00fcber den Arbeitgeber einholen,<\/li>\n<li>das Wichtigste in Notizen festhalten,<\/li>\n<li>die Bewerbung verinnerlichen, Bewerbungsunterlagen mitbringen,<\/li>\n<li>die h\u00e4ufigsten Fragen und Antworten dazu einstudieren.<\/li>\n<\/ul>\n<h3><strong>Fragen und Antwortm\u00f6glichkeiten im Vorstellungsgespr\u00e4ch<\/strong><\/h3>\n<p>Folgende <strong>Fragenkomplexe<\/strong> sind in fast jedem Vorstellungsgespr\u00e4ch vertreten:<\/p>\n<ul>\n<li>Fragen zur Gespr\u00e4chser\u00f6ffnung<\/li>\n<li>Fragen zur Bewerbungsmotivation<\/li>\n<li>Fragen zur Pers\u00f6nlichkeit, St\u00e4rken-Schw\u00e4chen-Profil<\/li>\n<li>Fragen zur Arbeitsweise<\/li>\n<\/ul>\n<h4><strong>Fragen zur Gespr\u00e4chser\u00f6ffnung<\/strong><\/h4>\n<ul>\n<li>Warum sollten wir Sie als Verpacker\/in einstellen?<\/li>\n<li>Warum m\u00f6chten Sie bei uns arbeiten?<\/li>\n<\/ul>\n<p>Als Bewerber\/in sollst du auf deine positiven pers\u00f6nlichen Voraussetzungen eingehen und die Besonderheiten hervorheben. Die k\u00f6rperliche Verfassung ist auch in diesem Bereich eine wichtige Voraussetzung. Eventuell kann ein Gesundheitsnachweis als Beleg dienen. Die zweite Frage beantwortest du mit der Information \u00fcber den guten Ruf des Unternehmens, verweist auf dein Interesse an dieser Arbeit sowie auf weitere pers\u00f6nliche Motivationen.<\/p>\n<h4><strong>Fragen zur Bewerbungsmotivation<\/strong><\/h4>\n<ul>\n<li>Warum wollen Sie gerade als Verpacker\/in arbeiten?<\/li>\n<li>Sind Sie prinzipiell umzugsbereit?<\/li>\n<li>Welches Gehalt m\u00f6chten Sie verdienen?<\/li>\n<\/ul>\n<p>Das Interesse an dieser T\u00e4tigkeit ergibt sich aus der Erfahrung der bisherigen Arbeit. Au\u00dferdem sind laut Information <a href=\"https:\/\/www.stellenanzeigen.de\/jobs\/weiterbildung\/\">Weiterbildungsm\u00f6glichkeiten<\/a> vorhanden, die eine Karriere in diesem Unternehmen versprechen. Die Umzugsbereitschaft ist in jedem Fall pers\u00f6nlich abzuw\u00e4gen und abh\u00e4ngig von deiner Lebenssituation. Das <a href=\"https:\/\/www.stellenanzeigen.de\/gehalt-vergleich\/\">Gehalt<\/a> kann etwas h\u00f6her angegeben werden als bisher. Sofern Tarifvertr\u00e4ge des Unternehmens vorhanden sind, sind neben den entgeltgruppen auch Sozialleistungen, Sonderzahlungen, K\u00fcndigungsfristen, Arbeitszeiten, Arbeitssicherheit usw. tariflich festgelegt.<\/p>\n<h4><strong>Fragen zur Pers\u00f6nlichkeit, St\u00e4rken-Schw\u00e4chen-Profil<\/strong><\/h4>\n<ul>\n<li>Was sind Ihre St\u00e4rken?<\/li>\n<li>Was sind Ihre Schw\u00e4chen?<\/li>\n<\/ul>\n<p>F\u00fcr den Beruf als Verpacker\/in solltest du gern im Kollektiv arbeiten, h\u00f6flich und kritikvertr\u00e4glich sein. Eventuelle Schw\u00e4chen bezogen auf den Beruf kannst du unter Umst\u00e4nden positiv darstellen.<\/p>\n<h4><strong>Fragen zur Arbeitsweise<\/strong><\/h4>\n<ul>\n<li>Wie gehen Sie mit Ver\u00e4nderungen um?<\/li>\n<li>Wie beschreiben Sie Ihren Arbeitsstil?<\/li>\n<\/ul>\n<p>Ver\u00e4nderungen sollten f\u00fcr dich als Bewerber\/in kein Problem sein. Zum Arbeitsstil geh\u00f6ren Arbeitsweise, Strategie, Vorgehensweise, Praktik usw. Als Verpacker\/in arbeitet man im Team und zeichnet sich in Kommunikationsst\u00e4rke aus. Eigenschaften wie Gewissenhaftigkeit, Konzentration, Zuverl\u00e4ssigkeit, Engagement oder Flexibilit\u00e4t werden gern gesehen.<\/p>\n<div id=\"pdf-download\" class=\"wp-block-group alignwide\">\n<div class=\"wp-block-group__inner-container\">\n<div class=\"wp-block-columns pdf-download\"><!-- wp:column {\"width\":35,\"className\":\"pdf-thumbnail\"} -->\n<p>\u00a0<\/p>\n<div class=\"wp-block-column pdf-thumbnail\" style=\"flex-basis: 35%;\"><!-- wp:image {\"id\":87388,\"sizeSlug\":\"large\"} -->\n<p>\u00a0<\/p>\n<figure class=\"wp-block-image size-large\"><img decoding=\"async\" loading=\"lazy\" width=\"300\" height=\"424\" class=\"wp-image-87388\" src=\"https:\/\/www.stellenanzeigen.de\/careeasy\/wp-content\/uploads\/2020\/11\/Verpacker-pdf-image.jpg\" alt=\"Bewerbung Muster Verpacker\" \/><\/figure>\n<p><!-- \/wp:image --><\/p>\n<p><!-- wp:paragraph --><\/p>\n<p><!-- \/wp:paragraph --><\/p>\n<\/div>\n<p><!-- \/wp:column --><\/p>\n<p><!-- wp:column {\"width\":65,\"className\":\"subscribe-box\"} --><\/p>\n<div class=\"wp-block-column subscribe-box\" style=\"flex-basis: 65%;\"><!-- wp:paragraph -->\n<p>\u00a0<\/p>\n\t\t\t\n\t\t\t<form id=\"sib_signup_form_60\" method=\"post\" class=\"sib_signup_form\">\n\t\t\t\t<div class=\"sib_loader\" style=\"display:none;\"><img\n\t\t\t\t\t\t\tsrc=\"https:\/\/www.stellenanzeigen.de\/careeasy\/wp-includes\/images\/spinner.gif\" alt=\"loader\"><\/div>\n\t\t\t\t<input type=\"hidden\" name=\"sib_form_action\" value=\"subscribe_form_submit\">\n\t\t\t\t<input type=\"hidden\" name=\"sib_form_id\" value=\"60\">\n                <input type=\"hidden\" name=\"sib_form_alert_notice\" value=\"Bitte f\u00fclle das Feld aus\">\n                <input type=\"hidden\" name=\"sib_form_invalid_email_notice\" value=\"Deine E-Mail Adresse ist ung\u00fcltig\">\n                <input type=\"hidden\" name=\"sib_security\" value=\"0993160ec3\">\n\t\t\t\t<div class=\"sib_signup_box_inside_60\">\n\t\t\t\t\t<div style=\"\/*display:none*\/\" class=\"sib_msg_disp\">\n\t\t\t\t\t<\/div>\n                    \t\t\t\t\t<p style=\"font-size:21px;text-align:left;font-family: 'Helvetica',sans-serif;color:#2b85b9;background-color:transparent\"><strong>Jetzt Bewerbungsvorlage als Verpacker\/in anfordern und f\u00fcr den Newsletter anmelden<\/strong><\/p>\r\n<p class=\"sib-email-area\">\r\n    <label>E-Mail-Adresse <span style=\"color: red\">*<\/span><\/label>\r\n    <input type=\"email\" class=\"sib-email-area\" name=\"email\" required=\"required\" placeholder=\"E-Mail-Adresse\">\r\n<\/p>\r\n<p class=\"sib-terms\"><input type=\"checkbox\" name=\"terms\" required=\"required\"><label>Ich bin damit einverstanden, dass meine E-Mailadresse f\u00fcr Werbezwecke per Newsletter genutzt wird und akzeptiere die <a href=\"https:\/\/www.stellenanzeigen.de\/arbeitgeber\/datenschutzerklaerung\/\">Datenschutzerkl\u00e4rung <span style=\"color: red\">*<\/span><\/a><\/label><\/p>\r\n<p style=\"font-size:12px;text-align:left;font-family: 'Helvetica',sans-serif;color:#8390A4\">Du kannst den Newsletter jederzeit \u00fcber den Abmeldelink in der Fu\u00dfzeile unserer E-Mails abbestellen.<\/p>\r\n<input type=\"submit\" class=\"sib-default-btn\" value=\"Bewerbungsvorlage anfordern\">\t\t\t\t<\/div>\n\t\t\t<\/form>\n\t\t\t<style>\n\t\t\t\tform#sib_signup_form_60 p.sib-alert-message {\n    padding: 6px 12px;\n    margin-bottom: 20px;\n    border: 1px solid transparent;\n    border-radius: 4px;\n    -webkit-box-sizing: border-box;\n    -moz-box-sizing: border-box;\n    box-sizing: border-box;\n}\nform#sib_signup_form_60 p.sib-alert-message-error {\n    background-color: #f2dede;\n    border-color: #ebccd1;\n    color: #a94442;\n}\nform#sib_signup_form_60 p.sib-alert-message-success {\n    background-color: #dff0d8;\n    border-color: #d6e9c6;\n    color: #3c763d;\n}\nform#sib_signup_form_60 p.sib-alert-message-warning {\n    background-color: #fcf8e3;\n    border-color: #faebcc;\n    color: #8a6d3b;\n}\n\t\t\t<\/style>\n\t\t\t\n<p><!-- \/wp:paragraph --><\/p>\n<\/div>\n<p><!-- \/wp:column --><\/p>\n<\/div>\n<p><!-- \/wp:columns --><\/p>\n<\/div>\n<\/div>\n<p><!-- \/wp:group --><\/p>","protected":false},"excerpt":{"rendered":"<p>Als Verpacker\/in bist du f\u00fcr die Vorbereitung und Verpackung der Ware zust\u00e4ndig. Du machst sie f\u00fcr die Lagerung, den Verkauf und\/oder den Versand fertig&#8230;.<\/p>\n","protected":false},"author":111,"featured_media":0,"parent":14008,"menu_order":0,"comment_status":"closed","ping_status":"closed","template":"","meta":{"_uag_custom_page_level_css":""},"categories":[],"tags":[],"yoast_head":"<!-- This site is optimized with the Yoast SEO plugin v20.7 - https:\/\/yoast.com\/wordpress\/plugins\/seo\/ -->\n<title>Bewerbungsvorlage Verpacker\/in | careeasy - Dein Karrieremagazin<\/title>\n<meta name=\"description\" content=\"Du hast deinen neuen Traum-Job als Verpacker\/in gefunden? F\u00fcr deine Bewerbung brauchst du ein aussagekr\u00e4ftiges Anschreiben! \u2713 Kostenlose Vorlage \u2713\" \/>\n<meta name=\"robots\" content=\"index, follow, max-snippet:-1, max-image-preview:large, max-video-preview:-1\" \/>\n<link rel=\"canonical\" href=\"https:\/\/www.stellenanzeigen.de\/careeasy\/bewerbung\/verpacker-in\/\" \/>\n<meta property=\"og:locale\" content=\"de_DE\" \/>\n<meta property=\"og:type\" content=\"article\" \/>\n<meta property=\"og:title\" content=\"Bewerbungsvorlage Verpacker\/in | careeasy - Dein Karrieremagazin\" \/>\n<meta property=\"og:description\" content=\"Du hast deinen neuen Traum-Job als Verpacker\/in gefunden? F\u00fcr deine Bewerbung brauchst du ein aussagekr\u00e4ftiges Anschreiben! \u2713 Kostenlose Vorlage \u2713\" \/>\n<meta property=\"og:url\" content=\"https:\/\/www.stellenanzeigen.de\/careeasy\/bewerbung\/verpacker-in\/\" \/>\n<meta property=\"og:site_name\" content=\"careeasy - Dein Karrieremagazin\" \/>\n<meta property=\"article:publisher\" content=\"https:\/\/www.facebook.com\/stellenanzeigen.de\/\" \/>\n<meta property=\"article:modified_time\" content=\"2024-10-01T07:52:51+00:00\" \/>\n<meta property=\"og:image\" content=\"https:\/\/www.stellenanzeigen.de\/careeasy\/wp-content\/uploads\/2020\/11\/Bewerbung-Vorlage-Verpacker.jpg\" \/>\n<meta name=\"twitter:label1\" content=\"Gesch\u00e4tzte Lesezeit\" \/>\n\t<meta name=\"twitter:data1\" content=\"5 Minuten\" \/>\n<script type=\"application\/ld+json\" class=\"yoast-schema-graph\">{\"@context\":\"https:\/\/schema.org\",\"@graph\":[{\"@type\":\"WebPage\",\"@id\":\"https:\/\/www.stellenanzeigen.de\/careeasy\/bewerbung\/verpacker-in\/\",\"url\":\"https:\/\/www.stellenanzeigen.de\/careeasy\/bewerbung\/verpacker-in\/\",\"name\":\"Bewerbungsvorlage Verpacker\/in | careeasy - Dein Karrieremagazin\",\"isPartOf\":{\"@id\":\"https:\/\/10.12.43.199\/careeasy\/#website\"},\"datePublished\":\"2020-11-24T16:07:12+00:00\",\"dateModified\":\"2024-10-01T07:52:51+00:00\",\"description\":\"Du hast deinen neuen Traum-Job als Verpacker\/in gefunden? F\u00fcr deine Bewerbung brauchst du ein aussagekr\u00e4ftiges Anschreiben! \u2713 Kostenlose Vorlage \u2713\",\"breadcrumb\":{\"@id\":\"https:\/\/www.stellenanzeigen.de\/careeasy\/bewerbung\/verpacker-in\/#breadcrumb\"},\"inLanguage\":\"de-DE\",\"potentialAction\":[{\"@type\":\"ReadAction\",\"target\":[\"https:\/\/www.stellenanzeigen.de\/careeasy\/bewerbung\/verpacker-in\/\"]}]},{\"@type\":\"BreadcrumbList\",\"@id\":\"https:\/\/www.stellenanzeigen.de\/careeasy\/bewerbung\/verpacker-in\/#breadcrumb\",\"itemListElement\":[{\"@type\":\"ListItem\",\"position\":1,\"name\":\"Careeasy\",\"item\":\"https:\/\/10.12.43.199\/careeasy\/\"},{\"@type\":\"ListItem\",\"position\":2,\"name\":\"Bewerbungsvorlagen &#038; Bewerbungsmuster\",\"item\":\"https:\/\/www.stellenanzeigen.de\/careeasy\/bewerbung\/\"},{\"@type\":\"ListItem\",\"position\":3,\"name\":\"Bewerbungsvorlage Verpacker\/in\"}]},{\"@type\":\"WebSite\",\"@id\":\"https:\/\/10.12.43.199\/careeasy\/#website\",\"url\":\"https:\/\/10.12.43.199\/careeasy\/\",\"name\":\"careeasy - Dein Karrieremagazin\",\"description\":\"\",\"publisher\":{\"@id\":\"https:\/\/10.12.43.199\/careeasy\/#organization\"},\"potentialAction\":[{\"@type\":\"SearchAction\",\"target\":{\"@type\":\"EntryPoint\",\"urlTemplate\":\"https:\/\/10.12.43.199\/careeasy\/?s={search_term_string}\"},\"query-input\":\"required name=search_term_string\"}],\"inLanguage\":\"de-DE\"},{\"@type\":\"Organization\",\"@id\":\"https:\/\/10.12.43.199\/careeasy\/#organization\",\"name\":\"careeasy - Dein Karrieremagazin\",\"url\":\"https:\/\/10.12.43.199\/careeasy\/\",\"logo\":{\"@type\":\"ImageObject\",\"inLanguage\":\"de-DE\",\"@id\":\"https:\/\/10.12.43.199\/careeasy\/#\/schema\/logo\/image\/\",\"url\":\"https:\/\/www.stellenanzeigen.de\/careeasy\/wp-content\/uploads\/2024\/03\/careeasy_logo.jpg\",\"contentUrl\":\"https:\/\/www.stellenanzeigen.de\/careeasy\/wp-content\/uploads\/2024\/03\/careeasy_logo.jpg\",\"width\":701,\"height\":223,\"caption\":\"careeasy - Dein Karrieremagazin\"},\"image\":{\"@id\":\"https:\/\/10.12.43.199\/careeasy\/#\/schema\/logo\/image\/\"},\"sameAs\":[\"https:\/\/www.facebook.com\/stellenanzeigen.de\/\"]}]}<\/script>\n<!-- \/ Yoast SEO plugin. -->","yoast_head_json":{"title":"Bewerbungsvorlage Verpacker\/in | careeasy - Dein Karrieremagazin","description":"Du hast deinen neuen Traum-Job als Verpacker\/in gefunden? F\u00fcr deine Bewerbung brauchst du ein aussagekr\u00e4ftiges Anschreiben! \u2713 Kostenlose Vorlage \u2713","robots":{"index":"index","follow":"follow","max-snippet":"max-snippet:-1","max-image-preview":"max-image-preview:large","max-video-preview":"max-video-preview:-1"},"canonical":"https:\/\/www.stellenanzeigen.de\/careeasy\/bewerbung\/verpacker-in\/","og_locale":"de_DE","og_type":"article","og_title":"Bewerbungsvorlage Verpacker\/in | careeasy - Dein Karrieremagazin","og_description":"Du hast deinen neuen Traum-Job als Verpacker\/in gefunden? F\u00fcr deine Bewerbung brauchst du ein aussagekr\u00e4ftiges Anschreiben! \u2713 Kostenlose Vorlage \u2713","og_url":"https:\/\/www.stellenanzeigen.de\/careeasy\/bewerbung\/verpacker-in\/","og_site_name":"careeasy - Dein Karrieremagazin","article_publisher":"https:\/\/www.facebook.com\/stellenanzeigen.de\/","article_modified_time":"2024-10-01T07:52:51+00:00","og_image":[{"url":"https:\/\/www.stellenanzeigen.de\/careeasy\/wp-content\/uploads\/2020\/11\/Bewerbung-Vorlage-Verpacker.jpg"}],"twitter_misc":{"Gesch\u00e4tzte Lesezeit":"5 Minuten"},"schema":{"@context":"https:\/\/schema.org","@graph":[{"@type":"WebPage","@id":"https:\/\/www.stellenanzeigen.de\/careeasy\/bewerbung\/verpacker-in\/","url":"https:\/\/www.stellenanzeigen.de\/careeasy\/bewerbung\/verpacker-in\/","name":"Bewerbungsvorlage Verpacker\/in | careeasy - Dein Karrieremagazin","isPartOf":{"@id":"https:\/\/10.12.43.199\/careeasy\/#website"},"datePublished":"2020-11-24T16:07:12+00:00","dateModified":"2024-10-01T07:52:51+00:00","description":"Du hast deinen neuen Traum-Job als Verpacker\/in gefunden? F\u00fcr deine Bewerbung brauchst du ein aussagekr\u00e4ftiges Anschreiben! \u2713 Kostenlose Vorlage \u2713","breadcrumb":{"@id":"https:\/\/www.stellenanzeigen.de\/careeasy\/bewerbung\/verpacker-in\/#breadcrumb"},"inLanguage":"de-DE","potentialAction":[{"@type":"ReadAction","target":["https:\/\/www.stellenanzeigen.de\/careeasy\/bewerbung\/verpacker-in\/"]}]},{"@type":"BreadcrumbList","@id":"https:\/\/www.stellenanzeigen.de\/careeasy\/bewerbung\/verpacker-in\/#breadcrumb","itemListElement":[{"@type":"ListItem","position":1,"name":"Careeasy","item":"https:\/\/10.12.43.199\/careeasy\/"},{"@type":"ListItem","position":2,"name":"Bewerbungsvorlagen &#038; Bewerbungsmuster","item":"https:\/\/www.stellenanzeigen.de\/careeasy\/bewerbung\/"},{"@type":"ListItem","position":3,"name":"Bewerbungsvorlage Verpacker\/in"}]},{"@type":"WebSite","@id":"https:\/\/10.12.43.199\/careeasy\/#website","url":"https:\/\/10.12.43.199\/careeasy\/","name":"careeasy - Dein Karrieremagazin","description":"","publisher":{"@id":"https:\/\/10.12.43.199\/careeasy\/#organization"},"potentialAction":[{"@type":"SearchAction","target":{"@type":"EntryPoint","urlTemplate":"https:\/\/10.12.43.199\/careeasy\/?s={search_term_string}"},"query-input":"required name=search_term_string"}],"inLanguage":"de-DE"},{"@type":"Organization","@id":"https:\/\/10.12.43.199\/careeasy\/#organization","name":"careeasy - Dein Karrieremagazin","url":"https:\/\/10.12.43.199\/careeasy\/","logo":{"@type":"ImageObject","inLanguage":"de-DE","@id":"https:\/\/10.12.43.199\/careeasy\/#\/schema\/logo\/image\/","url":"https:\/\/www.stellenanzeigen.de\/careeasy\/wp-content\/uploads\/2024\/03\/careeasy_logo.jpg","contentUrl":"https:\/\/www.stellenanzeigen.de\/careeasy\/wp-content\/uploads\/2024\/03\/careeasy_logo.jpg","width":701,"height":223,"caption":"careeasy - Dein Karrieremagazin"},"image":{"@id":"https:\/\/10.12.43.199\/careeasy\/#\/schema\/logo\/image\/"},"sameAs":["https:\/\/www.facebook.com\/stellenanzeigen.de\/"]}]}},"uagb_featured_image_src":{"full":false,"thumbnail":false,"medium":false,"medium_large":false,"large":false,"1536x1536":false,"2048x2048":false,"neomag-medium":false,"neomag-big":false,"neomag-large":false,"neomag-huge":false},"uagb_author_info":{"display_name":"Anna Bauder","author_link":"https:\/\/www.stellenanzeigen.de\/careeasy\/author\/annabauder\/"},"uagb_comment_info":0,"uagb_excerpt":"Als Verpacker\/in bist du f\u00fcr die Vorbereitung und Verpackung der Ware zust\u00e4ndig. Du machst sie f\u00fcr die Lagerung, den Verkauf und\/oder den Versand fertig....","_links":{"self":[{"href":"https:\/\/www.stellenanzeigen.de\/careeasy\/wp-json\/wp\/v2\/pages\/87379"}],"collection":[{"href":"https:\/\/www.stellenanzeigen.de\/careeasy\/wp-json\/wp\/v2\/pages"}],"about":[{"href":"https:\/\/www.stellenanzeigen.de\/careeasy\/wp-json\/wp\/v2\/types\/page"}],"author":[{"embeddable":true,"href":"https:\/\/www.stellenanzeigen.de\/careeasy\/wp-json\/wp\/v2\/users\/111"}],"replies":[{"embeddable":true,"href":"https:\/\/www.stellenanzeigen.de\/careeasy\/wp-json\/wp\/v2\/comments?post=87379"}],"version-history":[{"count":17,"href":"https:\/\/www.stellenanzeigen.de\/careeasy\/wp-json\/wp\/v2\/pages\/87379\/revisions"}],"predecessor-version":[{"id":119851,"href":"https:\/\/www.stellenanzeigen.de\/careeasy\/wp-json\/wp\/v2\/pages\/87379\/revisions\/119851"}],"up":[{"embeddable":true,"href":"https:\/\/www.stellenanzeigen.de\/careeasy\/wp-json\/wp\/v2\/pages\/14008"}],"wp:attachment":[{"href":"https:\/\/www.stellenanzeigen.de\/careeasy\/wp-json\/wp\/v2\/media?parent=87379"}],"wp:term":[{"taxonomy":"category","embeddable":true,"href":"https:\/\/www.stellenanzeigen.de\/careeasy\/wp-json\/wp\/v2\/categories?post=87379"},{"taxonomy":"post_tag","embeddable":true,"href":"https:\/\/www.stellenanzeigen.de\/careeasy\/wp-json\/wp\/v2\/tags?post=87379"}],"curies":[{"name":"wp","href":"https:\/\/api.w.org\/{rel}","templated":true}]}}