{"id":86168,"date":"2020-07-09T08:21:23","date_gmt":"2020-07-09T08:21:23","guid":{"rendered":"https:\/\/www.stellenanzeigen.de\/careeasy\/?page_id=86168"},"modified":"2023-10-06T10:58:56","modified_gmt":"2023-10-06T08:58:56","slug":"gesundheits-und-krankenpfleger-in","status":"publish","type":"page","link":"https:\/\/www.stellenanzeigen.de\/careeasy\/bewerbung\/gesundheits-und-krankenpfleger-in\/","title":{"rendered":"Bewerbungsvorlage Gesundheits- und Krankenpfleger\/in"},"content":{"rendered":"\r\n<figure class=\"wp-block-image alignwide size-medium wp-image-86170\"><img decoding=\"async\" loading=\"lazy\" width=\"978\" height=\"653\" class=\"wp-image-86170\" src=\"https:\/\/www.stellenanzeigen.de\/careeasy\/wp-content\/uploads\/2020\/07\/iStock-1129897015-978x653.jpg\" alt=\"Pflegepersonal besucht Patientin\" srcset=\"https:\/\/www.stellenanzeigen.de\/careeasy\/wp-content\/uploads\/2020\/07\/iStock-1129897015-978x652.jpg 978w, https:\/\/www.stellenanzeigen.de\/careeasy\/wp-content\/uploads\/2020\/07\/iStock-1129897015-768x513.jpg 768w, https:\/\/www.stellenanzeigen.de\/careeasy\/wp-content\/uploads\/2020\/07\/iStock-1129897015-272x182.jpg 272w, https:\/\/www.stellenanzeigen.de\/careeasy\/wp-content\/uploads\/2020\/07\/iStock-1129897015.jpg 1254w\" sizes=\"(max-width: 978px) 100vw, 978px\" \/>\r\n<figcaption>Bewerbungsvorlage Gesundheits- und Krankenpfleger\/in &#8211; Copyright: dragana991<\/figcaption>\r\n<\/figure>\r\n\r\n\r\n\r\n<div class=\"wp-block-columns alignwide pdf-teaser is-layout-flex wp-container-5\">\r\n<div class=\"wp-block-column pdf-thumbnail is-layout-flow\" style=\"flex-basis: 35%;\">\r\n<div class=\"wp-block-image\">\r\n<figure class=\"aligncenter size-large\"><img decoding=\"async\" loading=\"lazy\" width=\"300\" height=\"424\" class=\"wp-image-86324\" src=\"https:\/\/www.stellenanzeigen.de\/careeasy\/wp-content\/uploads\/2020\/07\/Bewerbungsvorlage-Gesundheits-und-KrankenpflegerIn-pdf-image.jpg\" alt=\"Bewerbungsvorlage Gesundheits- und KrankenpflegerIn\" \/><\/figure>\r\n<\/div>\r\n\r\n\r\n\r\n<p>&nbsp;<\/p>\r\n<\/div>\r\n\r\n\r\n\r\n<div class=\"wp-block-column teaser-box is-layout-flow\" style=\"flex-basis: 65%;\">\r\n<p>Die Bewerbungsvorlage findest du auf <strong>stellenanzeigen.de<\/strong>. Hier hast du die M\u00f6glichkeit eine zu deinem Jobprofil und der Stellenanzeige <strong>passende Bewerbungsvorlage herunterzuladen<\/strong>. Dies ist f\u00fcr dich kostenlos \u2013 schnell und effizient. Das Word-Dokument kannst du in wenigen Schritten bearbeiten \u2013 <strong>erg\u00e4nze einfach deine<\/strong> <strong>pers\u00f6nlichen Kontaktdaten und deine berufliche Erfahrung<\/strong> und versende es, gemeinsam mit den anderen Unterlagen, an deinen Wunsch-Arbeitgeber.<\/p>\r\n\r\n\r\n\r\n<div class=\"wp-block-buttons is-layout-flex\">\r\n<div class=\"wp-block-button\"><a class=\"wp-block-button__link has-background no-border-radius\" style=\"background-color: #2b85b9;\" href=\"https:\/\/www.stellenanzeigen.de\/careeasy\/bewerbung\/gesundheits-und-krankenpfleger-in\/#pdf-download\">Vorlage Anfordern<\/a><\/div>\r\n<\/div>\r\n<\/div>\r\n<\/div>\r\n\r\n<div class=\"mceTemp\">\u00a0<\/div>\r\n<h3>Bestandteile der Bewerbung als Gesundheits- und Krankenpfleger\/in<\/h3>\r\n<p>Als Gesundheits- und Krankenpfleger\/in \u00fcbernimmst du gro\u00dfe Verantwortung. F\u00fcr diese berufliche T\u00e4tigkeit braucht man <strong>viel Empathie und die notwendige emotionale Distanz<\/strong>. All dies muss in deinem Anschreiben zum Ausdruck kommen. Das Bewerbungsanschreiben sollte in Kurzform deine Motivation umschreiben und einen <strong>Aufschluss \u00fcber deine Person und deinen Werdegang<\/strong> geben.<\/p>\r\n<p>Als zweites Dokument folgt der <strong>Lebenslauf<\/strong>, der tabellarisch die einzelnen <strong>Etappen deiner bisherigen Karriere<\/strong> aufzeigt. Er unterteilt sich in Ausbildung, Weiterbildung und Studium und die beruflichen Stationen sowie besondere Qualifikationen und F\u00e4higkeiten. Auch die Hobbies oder ein Ehrenamt finden hier Platz.<br \/>In einem Dokument als pdf zusammengefasst sendest du mit deinem Anschreiben und <a class=\"wpil_keyword_link\" href=\"https:\/\/www.stellenanzeigen.de\/careeasy\/lebenslauf-vorlagen-sde106864\/\"   title=\"Lebenslauf\" data-wpil-keyword-link=\"linked\">Lebenslauf<\/a> <strong>alle Referenzen und Zeugnisse<\/strong> mit, die du in den beiden Schreiben angegeben hast und die gefordert werden sowie zur Stelle Informationen geben.<\/p>\r\n<h2><a href=\"https:\/\/www.stellenanzeigen.de\/jobs\/gesundheits-und-krankenpfleger-in\/\" target=\"_blank\" rel=\"noopener noreferrer\">Aktuelle Stellenangebote f\u00fcr Gesundheits- und Krankenpfleger<\/a><\/h2>\r\n<hr \/>\r\n<div id=\"suchwidgetErgebnisliste\">\u00a0<\/div>\r\n<div id=\"StellenanzeigenSuchwidget\" tabindex=\"-1\">\u00a0<\/div>\r\n<p><script>\r\n  var config = {\r\n    apiKey : 'FBEB08FBC7BB75349E26C51C530F79BF',\r\n    resultsPerPage : 3,\r\n    searchRadius : 60,\r\n    fulltext : 'gesundheits- und krankenpfleger',\r\n    city : null,\r\n    category : null,\r\n    subCategories : null\r\n  };\r\n<\/script><script type=\"text\/javascript\" src=\"https:\/\/app.stellenanzeigen.de\/widget\/init.js\"><\/script><\/p>\r\n<hr \/>\r\n<h3><strong>Die perfekte Vorbereitung auf dein Vorstellungsgespr\u00e4ch<\/strong><\/h3>\r\n<p>Viele Bewerber bereiten sich gar nicht oder nur sehr wenig auf ihr Vorstellungsgespr\u00e4ch vor. Dabei hilft dir eine gute Vorbereitung dabei, im Gespr\u00e4ch schneller und selbstsicherer die richtigen Antworten zu finden. Gedanklich solltest du <strong>als Vorbereitung schon deinen Lebenslauf aufsagen<\/strong> und \u00fcberlegen, wie du diese schm\u00fccken kannst und die Aufgaben darin Aufschluss dar\u00fcber geben, welche Erfahrungen du hier bereits f\u00fcr die neue Stelle sammeln konntest.<\/p>\r\n<p><strong>Lies die Stellenanzeige vor dem Termin noch einige Male durch<\/strong> und versuche, dir die Begriffe und Beschreibungen aus dieser zu merken und die gleiche Wortwahl zu verwenden. Auch die <strong>Homepage des Unternehmens<\/strong> verbirgt oftmals spannende und aktuelle Informationen. Es kann zu deinem Vorteil sein, hier einen Blick drauf zu werfen. Auch, um selbst ein paar Fragen f\u00fcr das Gespr\u00e4ch zu formulieren.<\/p>\r\n<p><strong>Lege deine Kleidung f\u00fcr das Gespr\u00e4ch schon den Tag zuvor raus<\/strong> und packe alles ein, was du ben\u00f6tigst. Es ist meist hilfreich, deinen <strong>Lebenslauf und die Stellenanzeige in gedruckter Version<\/strong> dabei zu haben, falls du noch einmal reinschauen m\u00f6chtest und weil es vielen einfach mehr Sicherheit und ein besseres Gef\u00fchl gibt.<\/p>\r\n<h3>Fragen und Antwortm\u00f6glichkeiten f\u00fcr dein Vorstellungsgespr\u00e4ch<\/h3>\r\n<p>Die Fragen von den Anwesenden sind meist bunt gemischt und es lohnt sich, sich vorher bereits einige Gedanken \u00fcber m\u00f6gliche Antworten zu machen. Beispielsweise ist die <strong>Frage nach den pers\u00f6nlichen St\u00e4rken<\/strong> immer beliebt. Pers\u00f6nliche St\u00e4rken sind P\u00fcnktlichkeit, Verl\u00e4sslichkeit, Durchhalteverm\u00f6gen und eine positive Grundeinstellung. Nat\u00fcrlich geh\u00f6ren zu den St\u00e4rken auch immer die <strong>Schw\u00e4chen<\/strong>. M\u00f6gliche Schw\u00e4chen sind Genauigkeit, das man gerne viel Schokolade ist oder abends nicht vor Elf ins Bett kommt.<\/p>\r\n<p>Weitere Fragen k\u00f6nnen die <strong>Hobbies<\/strong> betreffen. Hier lohnt es sich, Dinge zu nennen, die nicht gesundheitlich gef\u00e4hrdend sind und vielleicht Aufschluss \u00fcber Kompetenzen geben. Nat\u00fcrlich sollte auch der Bewerber zeigen, dass er sich mit dem Unternehmen auseinandergesetzt hat und die ein oder andere Frage vorbereiten, denn auch die Personalabteilung und der zuk\u00fcnftige Chef freuen sich, wenn die Bewerber Interesse zeigen.<\/p>\r\n<p>Eine etwas <strong>brisante Frage<\/strong> ist besonders bei jungen Frauen die nach der <strong>Familienplanung<\/strong>. Hier ist es sogar rechtlich erlaubt, keine Antwort zu geben oder die Unwahrheit zu sagen. Eine Antwort wie, erst einmal m\u00f6chte ich Karriere machen und beruflich Vorankommen sind \u00fcberzeugend und weisen auf, dass man derzeit nicht an die pers\u00f6nliche Planung denkt und kein Kinderwunsch in Sicht ist. Und selbst wenn dem so w\u00e4re, ist die Antwort auch vollkommen okay, da das eine das andere ja nicht g\u00e4nzlich ausschlie\u00dfen muss.<\/p>\r\n\r\n<div id=\"pdf-download\" class=\"wp-block-group alignwide\">\r\n<div class=\"wp-block-group__inner-container is-layout-flow\">\r\n<div class=\"wp-block-columns pdf-download is-layout-flex wp-container-8\">\r\n<div class=\"wp-block-column pdf-thumbnail is-layout-flow\" style=\"flex-basis: 35%;\">\r\n<figure class=\"wp-block-image size-large\"><img decoding=\"async\" loading=\"lazy\" width=\"300\" height=\"424\" class=\"wp-image-86324\" src=\"https:\/\/www.stellenanzeigen.de\/careeasy\/wp-content\/uploads\/2020\/07\/Bewerbungsvorlage-Gesundheits-und-KrankenpflegerIn-pdf-image.jpg\" alt=\"Bewerbungsvorlage Gesundheits- und KrankenpflegerIn\" \/><\/figure>\r\n<\/div>\r\n\r\n\r\n\r\n<div class=\"wp-block-column subscribe-box is-layout-flow\" style=\"flex-basis: 65%;\">\r\n\t\t\t\n\t\t\t<form id=\"sib_signup_form_20\" method=\"post\" class=\"sib_signup_form\">\n\t\t\t\t<div class=\"sib_loader\" style=\"display:none;\"><img\n\t\t\t\t\t\t\tsrc=\"https:\/\/www.stellenanzeigen.de\/careeasy\/wp-includes\/images\/spinner.gif\" alt=\"loader\"><\/div>\n\t\t\t\t<input type=\"hidden\" name=\"sib_form_action\" value=\"subscribe_form_submit\">\n\t\t\t\t<input type=\"hidden\" name=\"sib_form_id\" value=\"20\">\n                <input type=\"hidden\" name=\"sib_form_alert_notice\" value=\"Bitte f\u00fclle das Feld aus\">\n                <input type=\"hidden\" name=\"sib_form_invalid_email_notice\" value=\"Deine E-Mail Adresse ist ung\u00fcltig\">\n                <input type=\"hidden\" name=\"sib_security\" value=\"9139320b2f\">\n\t\t\t\t<div class=\"sib_signup_box_inside_20\">\n\t\t\t\t\t<div style=\"\/*display:none*\/\" class=\"sib_msg_disp\">\n\t\t\t\t\t<\/div>\n                    \t\t\t\t\t<p style=\"font-size:21px;text-align:left;font-family: 'Helvetica',sans-serif;color:#2b85b9;background-color:transparent\"><strong>Jetzt Bewerbungsvorlage als Gesundheits- und Krankenpfleger\/in anfordern und f\u00fcr den Newsletter anmelden<\/strong><\/p>\r\n<p class=\"sib-email-area\">\r\n    <label>E-Mail-Adresse <span style=\"color: red\">*<\/span><\/label>\r\n    <input type=\"email\" class=\"sib-email-area\" name=\"email\" required=\"required\" placeholder=\"E-Mail-Adresse\">\r\n<\/p>\r\n<p class=\"sib-terms\"><input type=\"checkbox\" name=\"terms\" required=\"required\"><label>Ich bin damit einverstanden, dass meine E-Mailadresse f\u00fcr Werbezwecke per Newsletter genutzt wird und akzeptiere die <a href=\"https:\/\/www.stellenanzeigen.de\/arbeitgeber\/datenschutzerklaerung\/\">Datenschutzerkl\u00e4rung <span style=\"color: red\">*<\/span><\/a><\/label><\/p>\r\n<p style=\"font-size:12px;text-align:left;font-family: 'Helvetica',sans-serif;color:#8390A4\">Du kannst den Newsletter jederzeit \u00fcber den Abmeldelink in der Fu\u00dfzeile unserer E-Mails abbestellen.<\/p>\r\n<input type=\"submit\" class=\"sib-default-btn\" value=\"Bewerbungsvorlage anfordern\">\t\t\t\t<\/div>\n\t\t\t<\/form>\n\t\t\t<style>\n\t\t\t\tform#sib_signup_form_20 p.sib-alert-message {\n    padding: 6px 12px;\n    margin-bottom: 20px;\n    border: 1px solid transparent;\n    border-radius: 4px;\n    -webkit-box-sizing: border-box;\n    -moz-box-sizing: border-box;\n    box-sizing: border-box;\n}\nform#sib_signup_form_20 p.sib-alert-message-error {\n    background-color: #f2dede;\n    border-color: #ebccd1;\n    color: #a94442;\n}\nform#sib_signup_form_20 p.sib-alert-message-success {\n    background-color: #dff0d8;\n    border-color: #d6e9c6;\n    color: #3c763d;\n}\nform#sib_signup_form_20 p.sib-alert-message-warning {\n    background-color: #fcf8e3;\n    border-color: #faebcc;\n    color: #8a6d3b;\n}\n\t\t\t<\/style>\n\t\t\t\r\n<\/div>\r\n<\/div>\r\n<\/div>\r\n<\/div>\r\n","protected":false},"excerpt":{"rendered":"<p>&nbsp; Die Bewerbungsvorlage findest du auf stellenanzeigen.de. Hier hast du die M\u00f6glichkeit eine zu deinem Jobprofil und der Stellenanzeige passende Bewerbungsvorlage herunterzuladen. Dies ist&#8230;<\/p>\n","protected":false},"author":103,"featured_media":0,"parent":14008,"menu_order":0,"comment_status":"closed","ping_status":"closed","template":"","meta":{"_uag_custom_page_level_css":""},"categories":[],"tags":[],"yoast_head":"<!-- This site is optimized with the Yoast SEO plugin v20.7 - https:\/\/yoast.com\/wordpress\/plugins\/seo\/ -->\n<title>Bewerbungsvorlage Gesundheits- und Krankenpfleger\/in | careeasy - Dein Karrieremagazin<\/title>\n<meta name=\"description\" content=\"Bewerbungsvorlage Gesundheits- und Krankenpfleger\/in - Copyright: dragana991 &nbsp; Die Bewerbungsvorlage findest du auf stellenanzeigen.de. Hier hast du\" \/>\n<meta name=\"robots\" content=\"index, follow, max-snippet:-1, max-image-preview:large, max-video-preview:-1\" \/>\n<link rel=\"canonical\" href=\"https:\/\/www.stellenanzeigen.de\/careeasy\/bewerbung\/gesundheits-und-krankenpfleger-in\/\" \/>\n<meta property=\"og:locale\" content=\"de_DE\" \/>\n<meta property=\"og:type\" content=\"article\" \/>\n<meta property=\"og:title\" content=\"Bewerbungsvorlage Gesundheits- und Krankenpfleger\/in | careeasy - Dein Karrieremagazin\" \/>\n<meta property=\"og:description\" content=\"Bewerbungsvorlage Gesundheits- und Krankenpfleger\/in - Copyright: dragana991 &nbsp; Die Bewerbungsvorlage findest du auf stellenanzeigen.de. Hier hast du\" \/>\n<meta property=\"og:url\" content=\"https:\/\/www.stellenanzeigen.de\/careeasy\/bewerbung\/gesundheits-und-krankenpfleger-in\/\" \/>\n<meta property=\"og:site_name\" content=\"careeasy - Dein Karrieremagazin\" \/>\n<meta property=\"article:publisher\" content=\"https:\/\/www.facebook.com\/stellenanzeigen.de\/\" \/>\n<meta property=\"article:modified_time\" content=\"2023-10-06T08:58:56+00:00\" \/>\n<meta property=\"og:image\" content=\"https:\/\/www.stellenanzeigen.de\/careeasy\/wp-content\/uploads\/2020\/07\/iStock-1129897015-978x653.jpg\" \/>\n<meta name=\"twitter:label1\" content=\"Gesch\u00e4tzte Lesezeit\" \/>\n\t<meta name=\"twitter:data1\" content=\"3 Minuten\" \/>\n<script type=\"application\/ld+json\" class=\"yoast-schema-graph\">{\"@context\":\"https:\/\/schema.org\",\"@graph\":[{\"@type\":\"WebPage\",\"@id\":\"https:\/\/www.stellenanzeigen.de\/careeasy\/bewerbung\/gesundheits-und-krankenpfleger-in\/\",\"url\":\"https:\/\/www.stellenanzeigen.de\/careeasy\/bewerbung\/gesundheits-und-krankenpfleger-in\/\",\"name\":\"Bewerbungsvorlage Gesundheits- und Krankenpfleger\/in | careeasy - Dein Karrieremagazin\",\"isPartOf\":{\"@id\":\"https:\/\/10.12.43.199\/careeasy\/#website\"},\"datePublished\":\"2020-07-09T08:21:23+00:00\",\"dateModified\":\"2023-10-06T08:58:56+00:00\",\"description\":\"Bewerbungsvorlage Gesundheits- und Krankenpfleger\/in - Copyright: dragana991 &nbsp; Die Bewerbungsvorlage findest du auf stellenanzeigen.de. Hier hast du\",\"breadcrumb\":{\"@id\":\"https:\/\/www.stellenanzeigen.de\/careeasy\/bewerbung\/gesundheits-und-krankenpfleger-in\/#breadcrumb\"},\"inLanguage\":\"de-DE\",\"potentialAction\":[{\"@type\":\"ReadAction\",\"target\":[\"https:\/\/www.stellenanzeigen.de\/careeasy\/bewerbung\/gesundheits-und-krankenpfleger-in\/\"]}]},{\"@type\":\"BreadcrumbList\",\"@id\":\"https:\/\/www.stellenanzeigen.de\/careeasy\/bewerbung\/gesundheits-und-krankenpfleger-in\/#breadcrumb\",\"itemListElement\":[{\"@type\":\"ListItem\",\"position\":1,\"name\":\"Careeasy\",\"item\":\"https:\/\/10.12.43.199\/careeasy\/\"},{\"@type\":\"ListItem\",\"position\":2,\"name\":\"Bewerbungsvorlagen &#038; Bewerbungsmuster\",\"item\":\"https:\/\/www.stellenanzeigen.de\/careeasy\/bewerbung\/\"},{\"@type\":\"ListItem\",\"position\":3,\"name\":\"Bewerbungsvorlage Gesundheits- und Krankenpfleger\/in\"}]},{\"@type\":\"WebSite\",\"@id\":\"https:\/\/10.12.43.199\/careeasy\/#website\",\"url\":\"https:\/\/10.12.43.199\/careeasy\/\",\"name\":\"careeasy - Dein Karrieremagazin\",\"description\":\"\",\"publisher\":{\"@id\":\"https:\/\/10.12.43.199\/careeasy\/#organization\"},\"potentialAction\":[{\"@type\":\"SearchAction\",\"target\":{\"@type\":\"EntryPoint\",\"urlTemplate\":\"https:\/\/10.12.43.199\/careeasy\/?s={search_term_string}\"},\"query-input\":\"required name=search_term_string\"}],\"inLanguage\":\"de-DE\"},{\"@type\":\"Organization\",\"@id\":\"https:\/\/10.12.43.199\/careeasy\/#organization\",\"name\":\"careeasy - Dein Karrieremagazin\",\"url\":\"https:\/\/10.12.43.199\/careeasy\/\",\"logo\":{\"@type\":\"ImageObject\",\"inLanguage\":\"de-DE\",\"@id\":\"https:\/\/10.12.43.199\/careeasy\/#\/schema\/logo\/image\/\",\"url\":\"https:\/\/www.stellenanzeigen.de\/careeasy\/wp-content\/uploads\/2024\/03\/careeasy_logo.jpg\",\"contentUrl\":\"https:\/\/www.stellenanzeigen.de\/careeasy\/wp-content\/uploads\/2024\/03\/careeasy_logo.jpg\",\"width\":701,\"height\":223,\"caption\":\"careeasy - Dein Karrieremagazin\"},\"image\":{\"@id\":\"https:\/\/10.12.43.199\/careeasy\/#\/schema\/logo\/image\/\"},\"sameAs\":[\"https:\/\/www.facebook.com\/stellenanzeigen.de\/\"]}]}<\/script>\n<!-- \/ Yoast SEO plugin. -->","yoast_head_json":{"title":"Bewerbungsvorlage Gesundheits- und Krankenpfleger\/in | careeasy - Dein Karrieremagazin","description":"Bewerbungsvorlage Gesundheits- und Krankenpfleger\/in - Copyright: dragana991 &nbsp; Die Bewerbungsvorlage findest du auf stellenanzeigen.de. Hier hast du","robots":{"index":"index","follow":"follow","max-snippet":"max-snippet:-1","max-image-preview":"max-image-preview:large","max-video-preview":"max-video-preview:-1"},"canonical":"https:\/\/www.stellenanzeigen.de\/careeasy\/bewerbung\/gesundheits-und-krankenpfleger-in\/","og_locale":"de_DE","og_type":"article","og_title":"Bewerbungsvorlage Gesundheits- und Krankenpfleger\/in | careeasy - Dein Karrieremagazin","og_description":"Bewerbungsvorlage Gesundheits- und Krankenpfleger\/in - Copyright: dragana991 &nbsp; Die Bewerbungsvorlage findest du auf stellenanzeigen.de. Hier hast du","og_url":"https:\/\/www.stellenanzeigen.de\/careeasy\/bewerbung\/gesundheits-und-krankenpfleger-in\/","og_site_name":"careeasy - Dein Karrieremagazin","article_publisher":"https:\/\/www.facebook.com\/stellenanzeigen.de\/","article_modified_time":"2023-10-06T08:58:56+00:00","og_image":[{"url":"https:\/\/www.stellenanzeigen.de\/careeasy\/wp-content\/uploads\/2020\/07\/iStock-1129897015-978x653.jpg"}],"twitter_misc":{"Gesch\u00e4tzte Lesezeit":"3 Minuten"},"schema":{"@context":"https:\/\/schema.org","@graph":[{"@type":"WebPage","@id":"https:\/\/www.stellenanzeigen.de\/careeasy\/bewerbung\/gesundheits-und-krankenpfleger-in\/","url":"https:\/\/www.stellenanzeigen.de\/careeasy\/bewerbung\/gesundheits-und-krankenpfleger-in\/","name":"Bewerbungsvorlage Gesundheits- und Krankenpfleger\/in | careeasy - Dein Karrieremagazin","isPartOf":{"@id":"https:\/\/10.12.43.199\/careeasy\/#website"},"datePublished":"2020-07-09T08:21:23+00:00","dateModified":"2023-10-06T08:58:56+00:00","description":"Bewerbungsvorlage Gesundheits- und Krankenpfleger\/in - Copyright: dragana991 &nbsp; Die Bewerbungsvorlage findest du auf stellenanzeigen.de. Hier hast du","breadcrumb":{"@id":"https:\/\/www.stellenanzeigen.de\/careeasy\/bewerbung\/gesundheits-und-krankenpfleger-in\/#breadcrumb"},"inLanguage":"de-DE","potentialAction":[{"@type":"ReadAction","target":["https:\/\/www.stellenanzeigen.de\/careeasy\/bewerbung\/gesundheits-und-krankenpfleger-in\/"]}]},{"@type":"BreadcrumbList","@id":"https:\/\/www.stellenanzeigen.de\/careeasy\/bewerbung\/gesundheits-und-krankenpfleger-in\/#breadcrumb","itemListElement":[{"@type":"ListItem","position":1,"name":"Careeasy","item":"https:\/\/10.12.43.199\/careeasy\/"},{"@type":"ListItem","position":2,"name":"Bewerbungsvorlagen &#038; Bewerbungsmuster","item":"https:\/\/www.stellenanzeigen.de\/careeasy\/bewerbung\/"},{"@type":"ListItem","position":3,"name":"Bewerbungsvorlage Gesundheits- und Krankenpfleger\/in"}]},{"@type":"WebSite","@id":"https:\/\/10.12.43.199\/careeasy\/#website","url":"https:\/\/10.12.43.199\/careeasy\/","name":"careeasy - Dein Karrieremagazin","description":"","publisher":{"@id":"https:\/\/10.12.43.199\/careeasy\/#organization"},"potentialAction":[{"@type":"SearchAction","target":{"@type":"EntryPoint","urlTemplate":"https:\/\/10.12.43.199\/careeasy\/?s={search_term_string}"},"query-input":"required name=search_term_string"}],"inLanguage":"de-DE"},{"@type":"Organization","@id":"https:\/\/10.12.43.199\/careeasy\/#organization","name":"careeasy - Dein Karrieremagazin","url":"https:\/\/10.12.43.199\/careeasy\/","logo":{"@type":"ImageObject","inLanguage":"de-DE","@id":"https:\/\/10.12.43.199\/careeasy\/#\/schema\/logo\/image\/","url":"https:\/\/www.stellenanzeigen.de\/careeasy\/wp-content\/uploads\/2024\/03\/careeasy_logo.jpg","contentUrl":"https:\/\/www.stellenanzeigen.de\/careeasy\/wp-content\/uploads\/2024\/03\/careeasy_logo.jpg","width":701,"height":223,"caption":"careeasy - Dein Karrieremagazin"},"image":{"@id":"https:\/\/10.12.43.199\/careeasy\/#\/schema\/logo\/image\/"},"sameAs":["https:\/\/www.facebook.com\/stellenanzeigen.de\/"]}]}},"uagb_featured_image_src":{"full":false,"thumbnail":false,"medium":false,"medium_large":false,"large":false,"1536x1536":false,"2048x2048":false,"neomag-medium":false,"neomag-big":false,"neomag-large":false,"neomag-huge":false},"uagb_author_info":{"display_name":"stellenanzeigen.de","author_link":"https:\/\/www.stellenanzeigen.de\/careeasy\/author\/stellenanzeigen-de\/"},"uagb_comment_info":0,"uagb_excerpt":"&nbsp; Die Bewerbungsvorlage findest du auf stellenanzeigen.de. Hier hast du die M\u00f6glichkeit eine zu deinem Jobprofil und der Stellenanzeige passende Bewerbungsvorlage herunterzuladen. Dies ist...","_links":{"self":[{"href":"https:\/\/www.stellenanzeigen.de\/careeasy\/wp-json\/wp\/v2\/pages\/86168"}],"collection":[{"href":"https:\/\/www.stellenanzeigen.de\/careeasy\/wp-json\/wp\/v2\/pages"}],"about":[{"href":"https:\/\/www.stellenanzeigen.de\/careeasy\/wp-json\/wp\/v2\/types\/page"}],"author":[{"embeddable":true,"href":"https:\/\/www.stellenanzeigen.de\/careeasy\/wp-json\/wp\/v2\/users\/103"}],"replies":[{"embeddable":true,"href":"https:\/\/www.stellenanzeigen.de\/careeasy\/wp-json\/wp\/v2\/comments?post=86168"}],"version-history":[{"count":15,"href":"https:\/\/www.stellenanzeigen.de\/careeasy\/wp-json\/wp\/v2\/pages\/86168\/revisions"}],"predecessor-version":[{"id":112966,"href":"https:\/\/www.stellenanzeigen.de\/careeasy\/wp-json\/wp\/v2\/pages\/86168\/revisions\/112966"}],"up":[{"embeddable":true,"href":"https:\/\/www.stellenanzeigen.de\/careeasy\/wp-json\/wp\/v2\/pages\/14008"}],"wp:attachment":[{"href":"https:\/\/www.stellenanzeigen.de\/careeasy\/wp-json\/wp\/v2\/media?parent=86168"}],"wp:term":[{"taxonomy":"category","embeddable":true,"href":"https:\/\/www.stellenanzeigen.de\/careeasy\/wp-json\/wp\/v2\/categories?post=86168"},{"taxonomy":"post_tag","embeddable":true,"href":"https:\/\/www.stellenanzeigen.de\/careeasy\/wp-json\/wp\/v2\/tags?post=86168"}],"curies":[{"name":"wp","href":"https:\/\/api.w.org\/{rel}","templated":true}]}}