{"id":85897,"date":"2020-06-23T09:38:00","date_gmt":"2020-06-23T09:38:00","guid":{"rendered":"https:\/\/www.stellenanzeigen.de\/careeasy\/?page_id=85897"},"modified":"2023-10-06T10:58:51","modified_gmt":"2023-10-06T08:58:51","slug":"bewerbungsvorlage-informatiker-in","status":"publish","type":"page","link":"https:\/\/www.stellenanzeigen.de\/careeasy\/bewerbung\/bewerbungsvorlage-informatiker-in\/","title":{"rendered":"Bewerbungsvorlage Informatiker\/in"},"content":{"rendered":"\n<figure class=\"wp-block-image alignwide size-medium wp-image-85902\"><img decoding=\"async\" loading=\"lazy\" width=\"978\" height=\"652\" src=\"https:\/\/www.stellenanzeigen.de\/careeasy\/wp-content\/uploads\/2020\/06\/Informatiker-iStock-1151967132_BartekSzewczyk-978x652.jpg\" alt=\"Bewerbungsvorlage Informatiker\" class=\"wp-image-85902\" srcset=\"https:\/\/www.stellenanzeigen.de\/careeasy\/wp-content\/uploads\/2020\/06\/Informatiker-iStock-1151967132_BartekSzewczyk-978x652.jpg 978w, https:\/\/www.stellenanzeigen.de\/careeasy\/wp-content\/uploads\/2020\/06\/Informatiker-iStock-1151967132_BartekSzewczyk-768x512.jpg 768w, https:\/\/www.stellenanzeigen.de\/careeasy\/wp-content\/uploads\/2020\/06\/Informatiker-iStock-1151967132_BartekSzewczyk-272x182.jpg 272w, https:\/\/www.stellenanzeigen.de\/careeasy\/wp-content\/uploads\/2020\/06\/Informatiker-iStock-1151967132_BartekSzewczyk.jpg 1254w\" sizes=\"(max-width: 978px) 100vw, 978px\" \/><figcaption>Bewerbungsvorlage Informatiker\/in &#8211; Copyright: BartekSzewczyk<\/figcaption><\/figure>\n\n\n\n<p>Als <strong>Informatiker\/in<\/strong> besitzt du ausgezeichnete F\u00e4higkeiten und Kenntnisse im Computerbereich. Deine dreij\u00e4hrige Ausbildung als Fachinformatiker hast du erfolgreich abgeschlossen? Dann sollte dir theoretisch nichts im Wege stehen, dich bei einem Unternehmen deiner Wahl auf eine Stelle als Informatiker\/in zu bewerben.<\/p><div id=\"ez-toc-container\" class=\"ez-toc-v2_0_62 counter-hierarchy ez-toc-counter ez-toc-grey ez-toc-container-direction\">\n<div class=\"ez-toc-title-container\">\n<p class=\"ez-toc-title \" >Inhaltsverzeichnis<\/p>\n<span class=\"ez-toc-title-toggle\"><\/span><\/div>\n<nav><ul class='ez-toc-list ez-toc-list-level-1 ' ><li class='ez-toc-page-1 ez-toc-heading-level-2'><a class=\"ez-toc-link ez-toc-heading-1\" href=\"https:\/\/www.stellenanzeigen.de\/careeasy\/bewerbung\/bewerbungsvorlage-informatiker-in\/#Bestandteile_der_Musterbewerbung_%E2%80%9EInformatikerin%E2%80%9C\" title=\"Bestandteile der Musterbewerbung &#8222;Informatiker\/in&#8220;\">Bestandteile der Musterbewerbung &#8222;Informatiker\/in&#8220;<\/a><\/li><li class='ez-toc-page-1 ez-toc-heading-level-2'><a class=\"ez-toc-link ez-toc-heading-2\" href=\"https:\/\/www.stellenanzeigen.de\/careeasy\/bewerbung\/bewerbungsvorlage-informatiker-in\/#Aktuelle_Stellenangebote_fuer_Informatiker\" title=\"Aktuelle Stellenangebote f\u00fcr Informatiker\">Aktuelle Stellenangebote f\u00fcr Informatiker<\/a><\/li><li class='ez-toc-page-1 ez-toc-heading-level-2'><a class=\"ez-toc-link ez-toc-heading-3\" href=\"https:\/\/www.stellenanzeigen.de\/careeasy\/bewerbung\/bewerbungsvorlage-informatiker-in\/#Vorbereitung_auf_das_Vorstellungsgespraech\" title=\"Vorbereitung auf das Vorstellungsgespr\u00e4ch\">Vorbereitung auf das Vorstellungsgespr\u00e4ch<\/a><\/li><li class='ez-toc-page-1 ez-toc-heading-level-2'><a class=\"ez-toc-link ez-toc-heading-4\" href=\"https:\/\/www.stellenanzeigen.de\/careeasy\/bewerbung\/bewerbungsvorlage-informatiker-in\/#Fragen_und_Antwortmoeglichkeiten_im_Vorstellungsgespraech\" title=\"Fragen und Antwortm\u00f6glichkeiten im Vorstellungsgespr\u00e4ch\">Fragen und Antwortm\u00f6glichkeiten im Vorstellungsgespr\u00e4ch<\/a><\/li><\/ul><\/nav><\/div>\n\n\n\n\n<div class=\"wp-block-columns alignwide pdf-teaser is-layout-flex wp-container-5\">\n<div class=\"wp-block-column pdf-thumbnail is-layout-flow\" style=\"flex-basis:35%\">\n<div class=\"wp-block-image\"><figure class=\"aligncenter size-large\"><img decoding=\"async\" loading=\"lazy\" width=\"300\" height=\"424\" src=\"https:\/\/www.stellenanzeigen.de\/careeasy\/wp-content\/uploads\/2020\/06\/Bewerbungsvorlage-Informatiker-pdf-image.jpg\" alt=\"Bewerbungsvorlage Informatiker\/in\" class=\"wp-image-85980\"\/><\/figure><\/div>\n\n\n\n<p><\/p>\n<\/div>\n\n\n\n<div class=\"wp-block-column teaser-box is-layout-flow\" style=\"flex-basis:65%\">\n<p>Da viele Menschen Schwierigkeiten haben, die richtigen Worte beim Anschreiben zu finden, helfen wir gerne dabei und geben zus\u00e4tzlich Tipps zur Vorbereitung auf das bevorstehende Bewerbungsgespr\u00e4ch. Ben\u00f6tigst du einen Anreiz zur Ausformulierung deines Motivationsschreibens? Auf <strong>www.stellenanzeigen.de<\/strong> findest du unsere <strong>Bewerbungsvorlage &#8222;Informatiker\/in &#8222;,<\/strong> die du dir kostenlos herunterladen kannst.<\/p>\n\n\n\n<div class=\"wp-block-buttons is-layout-flex\">\n<div class=\"wp-block-button\"><a class=\"wp-block-button__link has-background no-border-radius\" href=\"https:\/\/www.stellenanzeigen.de\/careeasy\/bewerbung\/bewerbungsvorlage-informatiker-in\/#pdf-download\" style=\"background-color:#2b85b9\">Vorlage Anfordern<\/a><\/div>\n<\/div>\n<\/div>\n<\/div>\n\n\n<div class=\"mceTemp\">&nbsp;<\/div>\n<h2><span class=\"ez-toc-section\" id=\"Bestandteile_der_Musterbewerbung_%E2%80%9EInformatikerin%E2%80%9C\"><\/span>Bestandteile der Musterbewerbung &#8222;Informatiker\/in&#8220;<span class=\"ez-toc-section-end\"><\/span><\/h2>\n<p>Um ein Unternehmen auf sich aufmerksam zu machen, muss eine richtige Bewerbung eingereicht werden. <strong>Unverzichtbar hierbei sind dein Anschreiben, auch Motivationsschreiben genannt, dein <a class=\"wpil_keyword_link\" href=\"https:\/\/www.stellenanzeigen.de\/careeasy\/lebenslauf-vorlagen-sde106864\/\"   title=\"Lebenslauf\" data-wpil-keyword-link=\"linked\">Lebenslauf<\/a> und deine Zeugnisse.<\/strong> Ob du ein Cover verwenden willst, bleibt dir \u00fcberlassen.<\/p>\n<p>Wichtig ist definitiv <strong>eine saubere, akkurate Bewerbungsmappe<\/strong> mit den bereits genannten drei Hauptbestandteilen. Dein Lebenslauf gibt dem Personaler <strong>Anhaltspunkte zu deiner Eignung<\/strong> f\u00fcr diesen Beruf. Dein Schulabschluss und dein bisheriger beruflicher Werdegang beeinflussen h\u00e4ufig die Entscheidung \u00fcber ein weiteres Kennenlernen. Zeugnisse und Referenzen sind die Nachweise \u00fcber das, was du in deinem Lebenslauf angibst. Zuletzt sorgt dein Anschreiben dann f\u00fcr die Entscheidung, <strong>ob der Personaler dich tats\u00e4chlich einl\u00e4dt zum Vorstellungsgespr\u00e4ch,<\/strong> oder ob du deine Unterlagen demn\u00e4chst wieder in deinem Briefkasten vorfinden wirst.<\/p>\n<h2><span class=\"ez-toc-section\" id=\"Aktuelle_Stellenangebote_fuer_Informatiker\"><\/span><a href=\"https:\/\/www.stellenanzeigen.de\/jobs\/informatiker-in\/\" target=\"_blank\" rel=\"noopener noreferrer\">Aktuelle Stellenangebote f\u00fcr Informatiker<\/a><span class=\"ez-toc-section-end\"><\/span><\/h2>\n<hr>\n<div id=\"suchwidgetErgebnisliste\">&nbsp;<\/div>\n<div id=\"StellenanzeigenSuchwidget\" tabindex=\"-1\">&nbsp;<\/div>\n<script>\n  var config = {\n    apiKey : 'FBEB08FBC7BB75349E26C51C530F79BF',\n    resultsPerPage : 3,\n    searchRadius : 60,\n    fulltext : 'Informatiker',\n    city : null,\n    category : null,\n    subCategories : null\n  };\n<\/script><script type=\"text\/javascript\" src=\"https:\/\/app.stellenanzeigen.de\/widget\/init.js\"><\/script>\n<hr>\n<h2><span class=\"ez-toc-section\" id=\"Vorbereitung_auf_das_Vorstellungsgespraech\"><\/span>Vorbereitung auf das Vorstellungsgespr\u00e4ch<span class=\"ez-toc-section-end\"><\/span><\/h2>\n<p>Deine bisherige M\u00fche war von Erfolg gekr\u00f6nt: Du hast eine <strong>Einladung zu einem pers\u00f6nlichen Bewerbungsgespr\u00e4ch<\/strong> erhalten und bist deinem neuen Job somit ein gro\u00dfes St\u00fcck n\u00e4hergekommen. Um dich professionell auf den gro\u00dfen Moment vorzubereiten, haben wir dir einige Tipps aufgelistet.<\/p>\n<p>Mach dir zun\u00e4chst Gedanken, was du dir selbst von deinem neuen Arbeitsplatz versprichst. \u00dcberlege dir, wie du selbst deine Zukunft siehst und was dir genau dieses Unternehmen im Gegensatz zu anderen bieten kann, um langfristig in deiner beruflichen Karriere voranzukommen. Das sind <strong>Dinge, die du selbst vom Unternehmen erwartest.<\/strong> Notiere dir diese Argumente, denn das sind deine Vorstellungen, die du im Vorstellungsgespr\u00e4ch vertreten solltest.<br>Zus\u00e4tzlich solltest du dir \u00fcberlegen, welche Fragen der Arbeitgeber an dich haben k\u00f6nnte. Einige <strong>typische Fragen in Bewerbungsgespr\u00e4chen<\/strong> haben wir dir mit Erl\u00e4uterung im Folgenden aufgelistet. Schreibe dir nur einige wenige Fragen auf, damit du dich nicht mit \u00fcberm\u00e4\u00dfigem Input unter Druck setzt. Die Fragen dienen nur deiner Vorbereitung, denn was genau der Personaler am Ende tats\u00e4chlich von dir wissen m\u00f6chte, wei\u00dft du vorher nicht. Deshalb <strong>versuche die Sache locker anzugehen,<\/strong> das wirkt sich positiv auf deine Ausstrahlung aus.<\/p>\n<h2><span class=\"ez-toc-section\" id=\"Fragen_und_Antwortmoeglichkeiten_im_Vorstellungsgespraech\"><\/span>Fragen und Antwortm\u00f6glichkeiten im Vorstellungsgespr\u00e4ch<span class=\"ez-toc-section-end\"><\/span><\/h2>\n<p><strong>1. &#8222;Was hat Sie an diesem Unternehmen interessiert?&#8220;<\/strong><\/p>\n<p>Was zeichnet dieses Unternehmen in deinen Augen aus? Wodurch hebt es sich von anderen Unternehmen ab? Erkl\u00e4re dem Personaler, welche Perspektiven dir dieser Arbeitsplatz erm\u00f6glichen k\u00f6nnte, und was <strong>deine Motivation<\/strong> geweckt hat, sich f\u00fcr diesen Job zu bewerben. Bekunde dein Interesse und betone, warum gerade du f\u00fcr diese Stelle geeignet bist.<\/p>\n<p><strong>2. &#8222;Sind Sie ein gutes Vorbild? Wenn ja, warum?&#8220;<\/strong><\/p>\n<p>Hier m\u00f6chte der Arbeitgeber sich einen Eindruck verschaffen, in welchen Positionen du bisher t\u00e4tig warst. Warst du im Team jemand, der mitgezogen werden musste? Oder warst du schon einmal <strong>in einer F\u00fchrungsposition<\/strong> und bist bereits darauf geschult, Verantwortung f\u00fcr dich und dein Team zu \u00fcbernehmen? Hier werden <strong>dein Pflicht- und Verantwortungsbewusstsein<\/strong> ermittelt, also \u00fcberlege dir auch hier gut, wie du antworten m\u00f6chtest.<\/p>\n<p><strong>3. &#8222;Nennen Sie mir doch ein paar St\u00e4rken, die Sie selbst f\u00fcr wichtig erachten&#8220;<\/strong><\/p>\n<p>Wichtige pers\u00f6nliche Merkmale, die im Berufsleben unverzichtbar sind, w\u00e4ren beispielsweise <strong>Loyalit\u00e4t, Teamf\u00e4higkeit und Konfliktf\u00e4higkeit.<\/strong> Du solltest bei deiner Antwort darauf achten, welche St\u00e4rken in deinem ausgew\u00e4hlten Berufsfeld vorausgesetzt werden. Als <strong>Informatiker\/in<\/strong> solltest du definitiv Kompetenzen wie eine <strong>zielorientierte Arbeitsweise,<\/strong> die <strong>F\u00e4higkeit zur professionellen Kundenbetreuung<\/strong> und ein <strong>ausgepr\u00e4gtes Fachwissen in der Computerbranche<\/strong> besitzen. Unverzichtbar hierbei ist selbstverst\u00e4ndlich die Ausbildung als Fachinformatiker\/in. Weitere pers\u00f6nliche F\u00e4higkeiten, die in der IT-Branche von Vorteil sind: Zuverl\u00e4ssigkeit, gr\u00fcndliches Arbeiten, Flexibilit\u00e4t.<\/p>\n\n\n<div class=\"wp-block-group alignwide\" id=\"pdf-download\"><div class=\"wp-block-group__inner-container is-layout-flow\">\n<div class=\"wp-block-columns pdf-download is-layout-flex wp-container-8\">\n<div class=\"wp-block-column pdf-thumbnail is-layout-flow\" style=\"flex-basis:35%\">\n<figure class=\"wp-block-image size-large\"><img decoding=\"async\" loading=\"lazy\" width=\"300\" height=\"424\" src=\"https:\/\/www.stellenanzeigen.de\/careeasy\/wp-content\/uploads\/2020\/06\/Bewerbungsvorlage-Informatiker-pdf-image.jpg\" alt=\"Bewerbungsvorlage Informatiker\/in\" class=\"wp-image-85980\"\/><\/figure>\n<\/div>\n\n\n\n<div class=\"wp-block-column subscribe-box is-layout-flow\" style=\"flex-basis:65%\">\n\t\t\t\n\t\t\t<form id=\"sib_signup_form_27\" method=\"post\" class=\"sib_signup_form\">\n\t\t\t\t<div class=\"sib_loader\" style=\"display:none;\"><img\n\t\t\t\t\t\t\tsrc=\"https:\/\/www.stellenanzeigen.de\/careeasy\/wp-includes\/images\/spinner.gif\" alt=\"loader\"><\/div>\n\t\t\t\t<input type=\"hidden\" name=\"sib_form_action\" value=\"subscribe_form_submit\">\n\t\t\t\t<input type=\"hidden\" name=\"sib_form_id\" value=\"27\">\n                <input type=\"hidden\" name=\"sib_form_alert_notice\" value=\"Bitte f\u00fclle das Feld aus\">\n                <input type=\"hidden\" name=\"sib_form_invalid_email_notice\" value=\"Deine E-Mail Adresse ist ung\u00fcltig\">\n                <input type=\"hidden\" name=\"sib_security\" value=\"9139320b2f\">\n\t\t\t\t<div class=\"sib_signup_box_inside_27\">\n\t\t\t\t\t<div style=\"\/*display:none*\/\" class=\"sib_msg_disp\">\n\t\t\t\t\t<\/div>\n                    \t\t\t\t\t<p style=\"font-size:21px;text-align:left;font-family: 'Helvetica',sans-serif;color:#2b85b9;background-color:transparent\"><strong>Jetzt Bewerbungsvorlage als Informatiker\/in anfordern und f\u00fcr den Newsletter anmelden<\/strong><\/p>\r\n<p class=\"sib-email-area\">\r\n    <label>E-Mail-Adresse <span style=\"color: red\">*<\/span><\/label>\r\n    <input type=\"email\" class=\"sib-email-area\" name=\"email\" required=\"required\" placeholder=\"E-Mail-Adresse\">\r\n<\/p>\r\n<p class=\"sib-terms\"><input type=\"checkbox\" name=\"terms\" required=\"required\"><label>Ich bin damit einverstanden, dass meine E-Mailadresse f\u00fcr Werbezwecke per Newsletter genutzt wird und akzeptiere die <a href=\"https:\/\/www.stellenanzeigen.de\/arbeitgeber\/datenschutzerklaerung\/\">Datenschutzerkl\u00e4rung <span style=\"color: red\">*<\/span><\/a><\/label><\/p>\r\n<p style=\"font-size:12px;text-align:left;font-family: 'Helvetica',sans-serif;color:#8390A4\">Du kannst den Newsletter jederzeit \u00fcber den Abmeldelink in der Fu\u00dfzeile unserer E-Mails abbestellen.<\/p>\r\n<input type=\"submit\" class=\"sib-default-btn\" value=\"Bewerbungsvorlage anfordern\">\t\t\t\t<\/div>\n\t\t\t<\/form>\n\t\t\t<style>\n\t\t\t\tform#sib_signup_form_27 p.sib-alert-message {\n    padding: 6px 12px;\n    margin-bottom: 20px;\n    border: 1px solid transparent;\n    border-radius: 4px;\n    -webkit-box-sizing: border-box;\n    -moz-box-sizing: border-box;\n    box-sizing: border-box;\n}\nform#sib_signup_form_27 p.sib-alert-message-error {\n    background-color: #f2dede;\n    border-color: #ebccd1;\n    color: #a94442;\n}\nform#sib_signup_form_27 p.sib-alert-message-success {\n    background-color: #dff0d8;\n    border-color: #d6e9c6;\n    color: #3c763d;\n}\nform#sib_signup_form_27 p.sib-alert-message-warning {\n    background-color: #fcf8e3;\n    border-color: #faebcc;\n    color: #8a6d3b;\n}\n\t\t\t<\/style>\n\t\t\t\n<\/div>\n<\/div>\n<\/div><\/div>\n","protected":false},"excerpt":{"rendered":"<p>Als Informatiker\/in besitzt du ausgezeichnete F\u00e4higkeiten und Kenntnisse im Computerbereich. Deine dreij\u00e4hrige Ausbildung als Fachinformatiker hast du erfolgreich abgeschlossen? Dann sollte dir theoretisch nichts&#8230;<\/p>\n","protected":false},"author":101,"featured_media":0,"parent":14008,"menu_order":0,"comment_status":"closed","ping_status":"closed","template":"","meta":{"_uag_custom_page_level_css":""},"categories":[],"tags":[],"yoast_head":"<!-- This site is optimized with the Yoast SEO plugin v20.7 - https:\/\/yoast.com\/wordpress\/plugins\/seo\/ -->\n<title>Bewerbungsvorlage Informatiker\/in | careeasy - Dein Karrieremagazin<\/title>\n<meta name=\"description\" content=\"Bewerbungsvorlage Informatiker\/in - Copyright: BartekSzewczyk Als Informatiker\/in besitzt du ausgezeichnete F\u00e4higkeiten und Kenntnisse im Computerbereich.\" \/>\n<meta name=\"robots\" content=\"index, follow, max-snippet:-1, max-image-preview:large, max-video-preview:-1\" \/>\n<link rel=\"canonical\" href=\"https:\/\/www.stellenanzeigen.de\/careeasy\/bewerbung\/bewerbungsvorlage-informatiker-in\/\" \/>\n<meta property=\"og:locale\" content=\"de_DE\" \/>\n<meta property=\"og:type\" content=\"article\" \/>\n<meta property=\"og:title\" content=\"Bewerbungsvorlage Informatiker\/in | careeasy - Dein Karrieremagazin\" \/>\n<meta property=\"og:description\" content=\"Bewerbungsvorlage Informatiker\/in - Copyright: BartekSzewczyk Als Informatiker\/in besitzt du ausgezeichnete F\u00e4higkeiten und Kenntnisse im Computerbereich.\" \/>\n<meta property=\"og:url\" content=\"https:\/\/www.stellenanzeigen.de\/careeasy\/bewerbung\/bewerbungsvorlage-informatiker-in\/\" \/>\n<meta property=\"og:site_name\" content=\"careeasy - Dein Karrieremagazin\" \/>\n<meta property=\"article:publisher\" content=\"https:\/\/www.facebook.com\/stellenanzeigen.de\/\" \/>\n<meta property=\"article:modified_time\" content=\"2023-10-06T08:58:51+00:00\" \/>\n<meta property=\"og:image\" content=\"https:\/\/www.stellenanzeigen.de\/careeasy\/wp-content\/uploads\/2020\/06\/Informatiker-iStock-1151967132_BartekSzewczyk-978x652.jpg\" \/>\n<meta name=\"twitter:label1\" content=\"Gesch\u00e4tzte Lesezeit\" \/>\n\t<meta name=\"twitter:data1\" content=\"4 Minuten\" \/>\n<script type=\"application\/ld+json\" class=\"yoast-schema-graph\">{\"@context\":\"https:\/\/schema.org\",\"@graph\":[{\"@type\":\"WebPage\",\"@id\":\"https:\/\/www.stellenanzeigen.de\/careeasy\/bewerbung\/bewerbungsvorlage-informatiker-in\/\",\"url\":\"https:\/\/www.stellenanzeigen.de\/careeasy\/bewerbung\/bewerbungsvorlage-informatiker-in\/\",\"name\":\"Bewerbungsvorlage Informatiker\/in | careeasy - Dein Karrieremagazin\",\"isPartOf\":{\"@id\":\"https:\/\/10.12.43.199\/careeasy\/#website\"},\"datePublished\":\"2020-06-23T09:38:00+00:00\",\"dateModified\":\"2023-10-06T08:58:51+00:00\",\"description\":\"Bewerbungsvorlage Informatiker\/in - Copyright: BartekSzewczyk Als Informatiker\/in besitzt du ausgezeichnete F\u00e4higkeiten und Kenntnisse im Computerbereich.\",\"breadcrumb\":{\"@id\":\"https:\/\/www.stellenanzeigen.de\/careeasy\/bewerbung\/bewerbungsvorlage-informatiker-in\/#breadcrumb\"},\"inLanguage\":\"de-DE\",\"potentialAction\":[{\"@type\":\"ReadAction\",\"target\":[\"https:\/\/www.stellenanzeigen.de\/careeasy\/bewerbung\/bewerbungsvorlage-informatiker-in\/\"]}]},{\"@type\":\"BreadcrumbList\",\"@id\":\"https:\/\/www.stellenanzeigen.de\/careeasy\/bewerbung\/bewerbungsvorlage-informatiker-in\/#breadcrumb\",\"itemListElement\":[{\"@type\":\"ListItem\",\"position\":1,\"name\":\"Careeasy\",\"item\":\"https:\/\/10.12.43.199\/careeasy\/\"},{\"@type\":\"ListItem\",\"position\":2,\"name\":\"Bewerbungsvorlagen &#038; Bewerbungsmuster\",\"item\":\"https:\/\/www.stellenanzeigen.de\/careeasy\/bewerbung\/\"},{\"@type\":\"ListItem\",\"position\":3,\"name\":\"Bewerbungsvorlage Informatiker\/in\"}]},{\"@type\":\"WebSite\",\"@id\":\"https:\/\/10.12.43.199\/careeasy\/#website\",\"url\":\"https:\/\/10.12.43.199\/careeasy\/\",\"name\":\"careeasy - Dein Karrieremagazin\",\"description\":\"\",\"publisher\":{\"@id\":\"https:\/\/10.12.43.199\/careeasy\/#organization\"},\"potentialAction\":[{\"@type\":\"SearchAction\",\"target\":{\"@type\":\"EntryPoint\",\"urlTemplate\":\"https:\/\/10.12.43.199\/careeasy\/?s={search_term_string}\"},\"query-input\":\"required name=search_term_string\"}],\"inLanguage\":\"de-DE\"},{\"@type\":\"Organization\",\"@id\":\"https:\/\/10.12.43.199\/careeasy\/#organization\",\"name\":\"careeasy - Dein Karrieremagazin\",\"url\":\"https:\/\/10.12.43.199\/careeasy\/\",\"logo\":{\"@type\":\"ImageObject\",\"inLanguage\":\"de-DE\",\"@id\":\"https:\/\/10.12.43.199\/careeasy\/#\/schema\/logo\/image\/\",\"url\":\"https:\/\/www.stellenanzeigen.de\/careeasy\/wp-content\/uploads\/2024\/03\/careeasy_logo.jpg\",\"contentUrl\":\"https:\/\/www.stellenanzeigen.de\/careeasy\/wp-content\/uploads\/2024\/03\/careeasy_logo.jpg\",\"width\":701,\"height\":223,\"caption\":\"careeasy - Dein Karrieremagazin\"},\"image\":{\"@id\":\"https:\/\/10.12.43.199\/careeasy\/#\/schema\/logo\/image\/\"},\"sameAs\":[\"https:\/\/www.facebook.com\/stellenanzeigen.de\/\"]}]}<\/script>\n<!-- \/ Yoast SEO plugin. -->","yoast_head_json":{"title":"Bewerbungsvorlage Informatiker\/in | careeasy - Dein Karrieremagazin","description":"Bewerbungsvorlage Informatiker\/in - Copyright: BartekSzewczyk Als Informatiker\/in besitzt du ausgezeichnete F\u00e4higkeiten und Kenntnisse im Computerbereich.","robots":{"index":"index","follow":"follow","max-snippet":"max-snippet:-1","max-image-preview":"max-image-preview:large","max-video-preview":"max-video-preview:-1"},"canonical":"https:\/\/www.stellenanzeigen.de\/careeasy\/bewerbung\/bewerbungsvorlage-informatiker-in\/","og_locale":"de_DE","og_type":"article","og_title":"Bewerbungsvorlage Informatiker\/in | careeasy - Dein Karrieremagazin","og_description":"Bewerbungsvorlage Informatiker\/in - Copyright: BartekSzewczyk Als Informatiker\/in besitzt du ausgezeichnete F\u00e4higkeiten und Kenntnisse im Computerbereich.","og_url":"https:\/\/www.stellenanzeigen.de\/careeasy\/bewerbung\/bewerbungsvorlage-informatiker-in\/","og_site_name":"careeasy - Dein Karrieremagazin","article_publisher":"https:\/\/www.facebook.com\/stellenanzeigen.de\/","article_modified_time":"2023-10-06T08:58:51+00:00","og_image":[{"url":"https:\/\/www.stellenanzeigen.de\/careeasy\/wp-content\/uploads\/2020\/06\/Informatiker-iStock-1151967132_BartekSzewczyk-978x652.jpg"}],"twitter_misc":{"Gesch\u00e4tzte Lesezeit":"4 Minuten"},"schema":{"@context":"https:\/\/schema.org","@graph":[{"@type":"WebPage","@id":"https:\/\/www.stellenanzeigen.de\/careeasy\/bewerbung\/bewerbungsvorlage-informatiker-in\/","url":"https:\/\/www.stellenanzeigen.de\/careeasy\/bewerbung\/bewerbungsvorlage-informatiker-in\/","name":"Bewerbungsvorlage Informatiker\/in | careeasy - Dein Karrieremagazin","isPartOf":{"@id":"https:\/\/10.12.43.199\/careeasy\/#website"},"datePublished":"2020-06-23T09:38:00+00:00","dateModified":"2023-10-06T08:58:51+00:00","description":"Bewerbungsvorlage Informatiker\/in - Copyright: BartekSzewczyk Als Informatiker\/in besitzt du ausgezeichnete F\u00e4higkeiten und Kenntnisse im Computerbereich.","breadcrumb":{"@id":"https:\/\/www.stellenanzeigen.de\/careeasy\/bewerbung\/bewerbungsvorlage-informatiker-in\/#breadcrumb"},"inLanguage":"de-DE","potentialAction":[{"@type":"ReadAction","target":["https:\/\/www.stellenanzeigen.de\/careeasy\/bewerbung\/bewerbungsvorlage-informatiker-in\/"]}]},{"@type":"BreadcrumbList","@id":"https:\/\/www.stellenanzeigen.de\/careeasy\/bewerbung\/bewerbungsvorlage-informatiker-in\/#breadcrumb","itemListElement":[{"@type":"ListItem","position":1,"name":"Careeasy","item":"https:\/\/10.12.43.199\/careeasy\/"},{"@type":"ListItem","position":2,"name":"Bewerbungsvorlagen &#038; Bewerbungsmuster","item":"https:\/\/www.stellenanzeigen.de\/careeasy\/bewerbung\/"},{"@type":"ListItem","position":3,"name":"Bewerbungsvorlage Informatiker\/in"}]},{"@type":"WebSite","@id":"https:\/\/10.12.43.199\/careeasy\/#website","url":"https:\/\/10.12.43.199\/careeasy\/","name":"careeasy - Dein Karrieremagazin","description":"","publisher":{"@id":"https:\/\/10.12.43.199\/careeasy\/#organization"},"potentialAction":[{"@type":"SearchAction","target":{"@type":"EntryPoint","urlTemplate":"https:\/\/10.12.43.199\/careeasy\/?s={search_term_string}"},"query-input":"required name=search_term_string"}],"inLanguage":"de-DE"},{"@type":"Organization","@id":"https:\/\/10.12.43.199\/careeasy\/#organization","name":"careeasy - Dein Karrieremagazin","url":"https:\/\/10.12.43.199\/careeasy\/","logo":{"@type":"ImageObject","inLanguage":"de-DE","@id":"https:\/\/10.12.43.199\/careeasy\/#\/schema\/logo\/image\/","url":"https:\/\/www.stellenanzeigen.de\/careeasy\/wp-content\/uploads\/2024\/03\/careeasy_logo.jpg","contentUrl":"https:\/\/www.stellenanzeigen.de\/careeasy\/wp-content\/uploads\/2024\/03\/careeasy_logo.jpg","width":701,"height":223,"caption":"careeasy - Dein Karrieremagazin"},"image":{"@id":"https:\/\/10.12.43.199\/careeasy\/#\/schema\/logo\/image\/"},"sameAs":["https:\/\/www.facebook.com\/stellenanzeigen.de\/"]}]}},"uagb_featured_image_src":{"full":false,"thumbnail":false,"medium":false,"medium_large":false,"large":false,"1536x1536":false,"2048x2048":false,"neomag-medium":false,"neomag-big":false,"neomag-large":false,"neomag-huge":false},"uagb_author_info":{"display_name":"Veronika Schleicher","author_link":"https:\/\/www.stellenanzeigen.de\/careeasy\/author\/veronika\/"},"uagb_comment_info":0,"uagb_excerpt":"Als Informatiker\/in besitzt du ausgezeichnete F\u00e4higkeiten und Kenntnisse im Computerbereich. Deine dreij\u00e4hrige Ausbildung als Fachinformatiker hast du erfolgreich abgeschlossen? Dann sollte dir theoretisch nichts...","_links":{"self":[{"href":"https:\/\/www.stellenanzeigen.de\/careeasy\/wp-json\/wp\/v2\/pages\/85897"}],"collection":[{"href":"https:\/\/www.stellenanzeigen.de\/careeasy\/wp-json\/wp\/v2\/pages"}],"about":[{"href":"https:\/\/www.stellenanzeigen.de\/careeasy\/wp-json\/wp\/v2\/types\/page"}],"author":[{"embeddable":true,"href":"https:\/\/www.stellenanzeigen.de\/careeasy\/wp-json\/wp\/v2\/users\/101"}],"replies":[{"embeddable":true,"href":"https:\/\/www.stellenanzeigen.de\/careeasy\/wp-json\/wp\/v2\/comments?post=85897"}],"version-history":[{"count":12,"href":"https:\/\/www.stellenanzeigen.de\/careeasy\/wp-json\/wp\/v2\/pages\/85897\/revisions"}],"predecessor-version":[{"id":112960,"href":"https:\/\/www.stellenanzeigen.de\/careeasy\/wp-json\/wp\/v2\/pages\/85897\/revisions\/112960"}],"up":[{"embeddable":true,"href":"https:\/\/www.stellenanzeigen.de\/careeasy\/wp-json\/wp\/v2\/pages\/14008"}],"wp:attachment":[{"href":"https:\/\/www.stellenanzeigen.de\/careeasy\/wp-json\/wp\/v2\/media?parent=85897"}],"wp:term":[{"taxonomy":"category","embeddable":true,"href":"https:\/\/www.stellenanzeigen.de\/careeasy\/wp-json\/wp\/v2\/categories?post=85897"},{"taxonomy":"post_tag","embeddable":true,"href":"https:\/\/www.stellenanzeigen.de\/careeasy\/wp-json\/wp\/v2\/tags?post=85897"}],"curies":[{"name":"wp","href":"https:\/\/api.w.org\/{rel}","templated":true}]}}